{"id":389,"date":"2012-09-16T23:07:20","date_gmt":"2012-09-16T21:07:20","guid":{"rendered":"https:\/\/fckp3.dontexist.net\/blogs\/wordpress\/rassismus-toetet\/wordpress\/?page_id=389"},"modified":"2026-04-23T16:04:16","modified_gmt":"2026-04-23T14:04:16","slug":"archiv","status":"publish","type":"page","link":"https:\/\/www.rassismus-toetet-leipzig.org\/index.php\/archiv\/","title":{"rendered":"Archiv"},"content":{"rendered":"<h2>2025<\/h2>\n<h3>Oktober<\/h3>\n<p>Gedenken: <a href=\"https:\/\/www.rassismus-toetet-leipzig.org\/index.php\/stilles-gedenken-an-kamal-k\/\">Kamal Kilade<\/a><\/p>\n<p>Gedenken: <a href=\"https:\/\/www.rassismus-toetet-leipzig.org\/index.php\/stilles-gedenken-an-achmed-b\/\">Achmed Bachir<\/a><\/p>\n<p>Lesung: <a href=\"https:\/\/www.rassismus-toetet-leipzig.org\/index.php\/lesung-mit-thomas-billstein-kein-vergessen-todesopfer-rechter-gewalt-in-deutschland-nach-1945\/\">Thomas Billstein \u201cKein vergessen \u2013 Todesopfer rechter Gewalt in Deutschland nach 1945\u201d<\/a><\/p>\n<h3>September<\/h3>\n<p>Vortrag: <a href=\"https:\/\/www.rassismus-toetet-leipzig.org\/index.php\/obdachlosenhass-und-sozialdarwinismus\/\">Obdachlosenhass und Sozialdarwinismus<\/a><\/p>\n<h3>August<\/h3>\n<p>Aufruf: <a href=\"https:\/\/www.rassismus-toetet-leipzig.org\/index.php\/aufruf-gedenken-erkaempfen-autonom-antifaschistisch-ten-more-years-of-anger-and-sorrow\/\">Gedenken erk\u00e4mpfen \u2013 autonom, antifaschistisch! &#8211; Ten more Years of Anger and Sorrow<\/a><\/p>\n<h3>April<\/h3>\n<p>Pressemitteilung: <a href=\"https:\/\/www.rassismus-toetet-leipzig.org\/index.php\/kritik-an-streichung-des-rechten-mordes-in-aue-durch-das-innenministerium-sachsen-und-aufruf-zur-gedenkdemonstration\/\">Kritik an Streichung des rechten Mordes in Aue durch das Innenministerium Sachsen und Aufruf zur Gedenkdemonstration<\/a><\/p>\n<h3>M\u00e4rz<\/h3>\n<p>Brosch\u00fcre: <a href=\"https:\/\/www.rassismus-toetet-leipzig.org\/index.php\/broschuere-hausdurchsuchungen-in-klein-paris\/\">Hausdurchsuchungen in Klein-Paris<\/a><\/p>\n<h3>Februar<\/h3>\n<p>Podium: <a href=\"https:\/\/www.rassismus-toetet-leipzig.org\/index.php\/release-broschuere-police-partout-justice-nulle-part\/\">Release-Brosch\u00fcre &#8211; police partout \u2013 justice nulle part<\/a><\/p>\n<h2><\/h2>\n<h2>2024<\/h2>\n<h3>Dezember<\/h3>\n<p>Ausstellung: <a href=\"https:\/\/www.rassismus-toetet-leipzig.org\/index.php\/ausstellung-die-verschwiegenen-toten-podiumsdiskussion-zu-rechten-morden-in-leipzig-und-landkreis-leipzig\/\">\u201cDie verschwiegenen Toten\u201d &amp; Podiumsdiskussion zu rechten Morden in Leipzig und Landkreis Leipzig<\/a><\/p>\n<h3>November<\/h3>\n<p>Soli-Veranstaltungen: <a href=\"https:\/\/www.rassismus-toetet-leipzig.org\/index.php\/161-duell-soli-veranstaltung-gegen-ihre-repression\/\">161 \u2013 Duell<\/a><\/p>\n<h3>Oktober<\/h3>\n<p>Gedenken: <a href=\"https:\/\/www.rassismus-toetet-leipzig.org\/index.php\/stilles-gedenken-an-kamal-kilade\/\">Kamal Kilade<\/a><\/p>\n<p>Gedenken: <a href=\"https:\/\/www.rassismus-toetet-leipzig.org\/index.php\/stilles-gedenken-achmed-bachir\/\">Achmed Bachir<\/a><\/p>\n<h3>August<\/h3>\n<p>Gedenken: <a href=\"https:\/\/www.rassismus-toetet-leipzig.org\/index.php\/stilles-gedenken-an-karl-heinz-teichmann-2\/\">Karl-Heinz Teichmann<\/a><\/p>\n<p>Redebeitrag: <a href=\"https:\/\/www.rassismus-toetet-leipzig.org\/index.php\/redebeitrag-auf-antifaschistischer-fahrradtour\/\">antifaschistischer Fahrradtour<\/a><\/p>\n<p>Redebeitrag: <a href=\"https:\/\/www.rassismus-toetet-leipzig.org\/index.php\/redebeitrag-bei-der-veranstaltung-am-23-8-24\/\">Veranstaltung am 23.8.24<\/a><\/p>\n<h3>Juli<\/h3>\n<p>Aufruf: <a href=\"https:\/\/www.rassismus-toetet-leipzig.org\/index.php\/militanten-antifaschismus-verteidigen\/\">Militanten Antifaschismus verteidigen.<\/a><\/p>\n<p>Redebeitrag: <a href=\"https:\/\/www.rassismus-toetet-leipzig.org\/index.php\/rede-zur-gedenkveranstaltung-fuer-nuno-lourenco\/\">Gedenkveranstaltung f\u00fcr Nuno Louren\u00e7o<\/a><\/p>\n<h3>Mai<\/h3>\n<p>Solidarit\u00e4t: &#8222;<a href=\"https:\/\/www.rassismus-toetet-leipzig.org\/index.php\/wir-empfehlen-in-solidarity-we-trust-antifaschistisches-soli-fest\/\">In Solidarity we trust! Antifaschistisches Soli-Fest<\/a>&#8220;<\/p>\n<h3>M\u00e4rz<\/h3>\n<p>Redebeitrag: <a href=\"https:\/\/www.rassismus-toetet-leipzig.org\/index.php\/redebeitrag-auf-der-kundgebung-am-8-maerz\/\">8. M\u00e4rz Kundgebung<\/a><\/p>\n<h3>Februar<\/h3>\n<p>Aufruf: <a href=\"https:\/\/www.rassismus-toetet-leipzig.org\/index.php\/aufruf-fuer-einen-emanzipatorischen-8-maerz\/\">F\u00fcr einen emanzipatorischen 8. M\u00e4rz<\/a><\/p>\n<p>Gedenken: <a href=\"https:\/\/www.rassismus-toetet-leipzig.org\/index.php\/4-jahre-nach-dem-rassistischen-anschlag-in-hanau-wir-trauern-und-erinnern\/\">4 Jahre nach dem rassistischen Anschlag in Hanau: Wir trauern und erinnern.<\/a><\/p>\n<h3>Januar<\/h3>\n<p>Erkl\u00e4rung: <a href=\"https:\/\/www.rassismus-toetet-leipzig.org\/index.php\/noextradition-gegen-die-auslieferung-von-antifaschistinnen\/\">#NOEXTRADITION &#8211; Gegen die Auslieferung von Antifaschist:innen<\/a><\/p>\n<h2><\/h2>\n<h2>2023<\/h2>\n<h3>Dezember<\/h3>\n<p>Auswertungstext: <a class=\"row-title\" href=\"https:\/\/www.rassismus-toetet-leipzig.org\/wp-admin\/post.php?post=2623&amp;action=edit\" aria-label=\"\u201e\u00dc30: Fr\u00fcher waren wir mal politisch (organisiert)\u201c (Bearbeiten)\">\u00dc30: Fr\u00fcher waren wir mal politisch (organisiert)<\/a><\/p>\n<h3>Oktober<\/h3>\n<p>Podiumsgespr\u00e4ch: <a class=\"row-title\" href=\"https:\/\/www.rassismus-toetet-leipzig.org\/wp-admin\/post.php?post=2619&amp;action=edit\" aria-label=\"\u201eGrusel-Kabinett \u2013 Antifaschist*innen berichten: Wie (\u00fcber) leben unter einer faschistischen Regierung?\u201c (Bearbeiten)\">Grusel-Kabinett \u2013 Antifaschist*innen berichten: Wie (\u00fcber) leben unter einer faschistischen Regierung?<\/a><\/p>\n<p>Gedenken: <a class=\"row-title\" href=\"https:\/\/www.rassismus-toetet-leipzig.org\/wp-admin\/post.php?post=2615&amp;action=edit\" aria-label=\"\u201eGedenken an Kamal Kilade\u201c (Bearbeiten)\">Kamal Kilade<\/a><\/p>\n<p>Gedenken: <a class=\"row-title\" href=\"https:\/\/www.rassismus-toetet-leipzig.org\/wp-admin\/post.php?post=2612&amp;action=edit\" aria-label=\"\u201eGedenken an Achmed Bachir\u201c (Bearbeiten)\">Achmed Bachir<\/a><\/p>\n<h3>September<\/h3>\n<p>Pressemitteilung: <a class=\"row-title\" href=\"https:\/\/www.rassismus-toetet-leipzig.org\/wp-admin\/post.php?post=2604&amp;action=edit\" aria-label=\"\u201ePressemitteilung: Stilles Gedenken an Karl-Heinz Teichman in Leipzig zum 15.Todestag\u201c (Bearbeiten)\">Stilles Gedenken an Karl-Heinz Teichman in Leipzig zum 15.Todestag<\/a><\/p>\n<p>Stilles Gedenken: <a class=\"row-title\" href=\"https:\/\/www.rassismus-toetet-leipzig.org\/wp-admin\/post.php?post=2594&amp;action=edit\" aria-label=\"\u201eStilles Gedenken an Karl-Heinz Teichmann\u201c (Bearbeiten)\">Gedenken an Karl-Heinz Teichmann<\/a><\/p>\n<p>Redebeitrag: <a class=\"row-title\" href=\"https:\/\/www.rassismus-toetet-leipzig.org\/wp-admin\/post.php?post=2590&amp;action=edit\" aria-label=\"\u201eRedebeitrag: 5 Jahre rassistische Ausschreitungen 2018 \u2013 kein Vergeben, kein Vergessen!\u201c (Bearbeiten)\">5 Jahre rassistische Ausschreitungen 2018 \u2013 kein Vergeben, kein Vergessen!<\/a><\/p>\n<h3>August<\/h3>\n<p>Redebeitrag: <a class=\"row-title\" href=\"https:\/\/www.rassismus-toetet-leipzig.org\/wp-admin\/post.php?post=2586&amp;action=edit\" aria-label=\"\u201eRedebeitrag f\u00fcr Antirepressions-Kundgebung\u201c (Bearbeiten)\">Antirepressions-Kundgebung<\/a><\/p>\n<p>Veranstaltung: <a class=\"row-title\" href=\"https:\/\/www.rassismus-toetet-leipzig.org\/wp-admin\/post.php?post=2582&amp;action=edit\" aria-label=\"\u201eWer Gewalt s\u00e4t \u2013 Von Brandstiftern und Biederm\u00e4nnern\u201c (Bearbeiten)\">Wer<\/a><a class=\"row-title\" href=\"https:\/\/www.rassismus-toetet-leipzig.org\/wp-admin\/post.php?post=2582&amp;action=edit\" aria-label=\"\u201eWer Gewalt s\u00e4t \u2013 Von Brandstiftern und Biederm\u00e4nnern\u201c (Bearbeiten)\"> Ge<\/a><a class=\"row-title\" href=\"https:\/\/www.rassismus-toetet-leipzig.org\/wp-admin\/post.php?post=2582&amp;action=edit\" aria-label=\"\u201eWer Gewalt s\u00e4t \u2013 Von Brandstiftern und Biederm\u00e4nnern\u201c (Bearbeiten)\">walt<\/a><a class=\"row-title\" href=\"https:\/\/www.rassismus-toetet-leipzig.org\/wp-admin\/post.php?post=2582&amp;action=edit\" aria-label=\"\u201eWer Gewalt s\u00e4t \u2013 Von Brandstiftern und Biederm\u00e4nnern\u201c (Bearbeiten)\"> s\u00e4t \u2013 Von Brandstiftern und<\/a><a class=\"row-title\" href=\"https:\/\/www.rassismus-toetet-leipzig.org\/wp-admin\/post.php?post=2582&amp;action=edit\" aria-label=\"\u201eWer Gewalt s\u00e4t \u2013 Von Brandstiftern und Biederm\u00e4nnern\u201c (Bearbeiten)\"> Biederm\u00e4nnern<\/a><\/p>\n<h3>Juli<\/h3>\n<p>Debattenbeitrag: <a class=\"row-title\" href=\"https:\/\/www.rassismus-toetet-leipzig.org\/wp-admin\/post.php?post=2574&amp;action=edit\" aria-label=\"\u201eDebattenbeitrag: Sollte nach den Geschehnissen um Tag X \u00fcber die Einstellung der Kooperation mit der Versammlungsbeh\u00f6rde nachgedacht werden?\u201c (Bearbeiten)\">Sollte nach den Geschehnissen um Tag X \u00fcber die Einstellung der Kooperation mit der Versammlungsbeh\u00f6rde nachgedacht werden?<\/a><\/p>\n<h3>Juni<\/h3>\n<p>Gru\u00dfbotschaft: <a href=\"https:\/\/www.rassismus-toetet-leipzig.org\/wp-admin\/post.php?post=2570&amp;action=edit\">B\u00fcndnis Tatort Henstedt-Ulzburg<\/a><\/p>\n<p>Redebeitrag: <strong><a class=\"row-title\" href=\"https:\/\/www.rassismus-toetet-leipzig.org\/wp-admin\/post.php?post=2567&amp;action=edit\" aria-label=\"\u201eRedebeitrag in Eisenberg bei \u201eEine Stadt f\u00fcr Alle? Gegen den rassistischen Konsens 2023\u201c\u201c (Bearbeiten)\">\u201e<\/a><\/strong><a class=\"row-title\" href=\"https:\/\/www.rassismus-toetet-leipzig.org\/wp-admin\/post.php?post=2567&amp;action=edit\" aria-label=\"\u201eRedebeitrag in Eisenberg bei \u201eEine Stadt f\u00fcr Alle? Gegen den rassistischen Konsens 2023\u201c\u201c (Bearbeiten)\">Eine Stadt<\/a><a class=\"row-title\" href=\"https:\/\/www.rassismus-toetet-leipzig.org\/wp-admin\/post.php?post=2567&amp;action=edit\" aria-label=\"\u201eRedebeitrag in Eisenberg bei \u201eEine Stadt f\u00fcr Alle? Gegen den rassistischen Konsens 2023\u201c\u201c (Bearbeiten)\"> f\u00fcr<\/a><a class=\"row-title\" href=\"https:\/\/www.rassismus-toetet-leipzig.org\/wp-admin\/post.php?post=2567&amp;action=edit\" aria-label=\"\u201eRedebeitrag in Eisenberg bei \u201eEine Stadt f\u00fcr Alle? Gegen den rassistischen Konsens 2023\u201c\u201c (Bearbeiten)\"> Alle? Gegen den<\/a><a class=\"row-title\" href=\"https:\/\/www.rassismus-toetet-leipzig.org\/wp-admin\/post.php?post=2567&amp;action=edit\" aria-label=\"\u201eRedebeitrag in Eisenberg bei \u201eEine Stadt f\u00fcr Alle? Gegen den rassistischen Konsens 2023\u201c\u201c (Bearbeiten)\"> rassistische<\/a><a class=\"row-title\" href=\"https:\/\/www.rassismus-toetet-leipzig.org\/wp-admin\/post.php?post=2567&amp;action=edit\" aria-label=\"\u201eRedebeitrag in Eisenberg bei \u201eEine Stadt f\u00fcr Alle? Gegen den rassistischen Konsens 2023\u201c\u201c (Bearbeiten)\">n<\/a><a class=\"row-title\" href=\"https:\/\/www.rassismus-toetet-leipzig.org\/wp-admin\/post.php?post=2567&amp;action=edit\" aria-label=\"\u201eRedebeitrag in Eisenberg bei \u201eEine Stadt f\u00fcr Alle? Gegen den rassistischen Konsens 2023\u201c\u201c (Bearbeiten)\"> Konsens 2023\u201c<\/a><\/p>\n<h3>Mai<\/h3>\n<p>Gedenken: <a class=\"row-title\" href=\"https:\/\/www.rassismus-toetet-leipzig.org\/wp-admin\/post.php?post=2560&amp;action=edit\" aria-label=\"\u201eGegen jeden Sozialdarwinismus \u2013 In Gedenken an Andr\u00e9 K.\u201c (Bearbeiten)\">Gegen jeden Sozialdarwinismus \u2013 In Gedenken an Andr\u00e9 K.<\/a><\/p>\n<h2><\/h2>\n<h2>2022<\/h2>\n<h3>Dezember<\/h3>\n<p>Text: <a href=\"https:\/\/www.rassismus-toetet-leipzig.org\/index.php\/unversoehnlich-bleiben-neonazis-keine-ruhe-lassen-free-all-antifas\/\">Unvers\u00f6hnlich bleiben! Neonazis keine Ruhe lassen! \u2013 FREE ALL ANTIFAS!<\/a><\/p>\n<p>Vortrag: <a href=\"https:\/\/www.rassismus-toetet-leipzig.org\/index.php\/ns-verherrlichung-stoppen-geschichtsrevisionistische-aufmaersche-und-faschistisches-gedenken-in-sued-osteuropa\/\">NS-Verherrlichung stoppen! Geschichtsrevisionistische Aufm\u00e4rsche und faschistisches Gedenken in (S\u00fcd-) Osteuropa<\/a><\/p>\n<h3>Oktober<\/h3>\n<p>Kundgebungen: <a href=\"https:\/\/www.rassismus-toetet-leipzig.org\/index.php\/antifaschistische-kaffeefahrten-in-sachsen\/\">Antifaschistische Kaffeefahrten in Sachsen<\/a><\/p>\n<h3>Juli<\/h3>\n<p>Aufruf zur Veranstaltungsreihe: <a href=\"https:\/\/www.rassismus-toetet-leipzig.org\/index.php\/veranstaltungsreihe-30-jahre-nach-dem-pogrom-in-rostock-lichtenhagen-erinnern-heisst-kaempfen\/\">30 Jahre nach dem Pogrom in Rostock-Lichtenhagen &#8211; Erinnern hei\u00dft k\u00e4mpfen!<\/a><\/p>\n<p>Ank\u00fcndigung Veranstaltungsreihe: <a href=\"https:\/\/www.rassismus-toetet-leipzig.org\/index.php\/veranstaltungsreihe-zum-pogrom-in-rostock-lichtenhagen\/\">Veranstaltungsreihe zum Pogrom in Rostock-Lichtenhagen<\/a><\/p>\n<h3>Februar<\/h3>\n<p>Aufruf Kundgebung: <a href=\"https:\/\/www.rassismus-toetet-leipzig.org\/index.php\/netzwerk-voller-einzeltaeter-nazihools-die-wahrscheinlich-laengste-letzte-reihe-der-welt\/\">Netzwerk voller Einzelt\u00e4ter &#8211; Nazihools, die wahrscheinlich l\u00e4ngste letzte Reihe der Welt?<\/a><\/p>\n<h3>Januar<\/h3>\n<p>Aufruf Kundgebung: <a href=\"https:\/\/www.rassismus-toetet-leipzig.org\/index.php\/staat-und-nazis-hand-in-hand-justizbeamter-unter-neonazi-angreifern-auf-connewitz\/\">Staat und Nazis Hand in Hand \u2013 Justizbeamter unter Neonazi-Angreifern auf Connewitz<\/a><\/p>\n<p>Text: <a href=\"https:\/\/www.rassismus-toetet-leipzig.org\/index.php\/reaktion-auf-interview-mit-dem-roten-salon-im-kreuzer\/\">Reaktion auf Interview mit dem &#8222;Roten Salon&#8220; im Kreuzer<\/a><\/p>\n<p>Kundgebung: <a href=\"https:\/\/www.rassismus-toetet-leipzig.org\/index.php\/kundgebung-keine-einzeltaeter-rechtes-netzwerk-immer-noch-aktiv\/\">Keine Einzelt\u00e4ter \u2013 rechtes Netzwerk immer noch aktiv<\/a><\/p>\n<h2><\/h2>\n<h2>2021<\/h2>\n<h3>Oktober<\/h3>\n<p>Kundgebung: <a href=\"https:\/\/www.rassismus-toetet-leipzig.org\/index.php\/kundgebung-niemand-wird-vergessen-fuer-ein-aktives-gedenken\/\">Niemand wird vergessen \u2013 f\u00fcr ein aktives Gedenken<\/a><\/p>\n<p>Veranstaltung: <a href=\"https:\/\/www.rassismus-toetet-leipzig.org\/index.php\/der-nsu-komplex-aufklaeren-und-einmischen-was-kann-gegen-rechten-terror-getan-werden\/\">Der NSU-Komplex: \u201eAufkl\u00e4ren und Einmischen.&#8220; Was kann gegen rechten Terror getan werden?<\/a><\/p>\n<h3>September<\/h3>\n<p>Redebeitrag: <a href=\"https:\/\/www.rassismus-toetet-leipzig.org\/index.php\/redebeitrag-fuer-demo-in-zwickau\/\">Demo in Zwickau<\/a><\/p>\n<h3>August<\/h3>\n<p>Veranstaltung: <a href=\"https:\/\/www.rassismus-toetet-leipzig.org\/index.php\/infoveranstaltung-zum-neonaziaufmarsch-am-7-8-in-weimar\/\">Infoveranstaltung zum Neonaziaufmarsch am 7.8. in Weimar<\/a><\/p>\n<h3>Februar<\/h3>\n<p>Kundgebung: <a href=\"https:\/\/www.rassismus-toetet-leipzig.org\/index.php\/say-their-names-gedenkveranstaltung-zum-ersten-jahrestag-des-rassistischen-anschlags-von-hanau\/\">Say their names &#8211; Gedenkveranstaltung zum ersten Jahrestag des rassistischen Anschlags von Hanau<\/a><\/p>\n<h3>Januar<\/h3>\n<p>Redebeitrag:<a href=\"https:\/\/www.rassismus-toetet-leipzig.org\/index.php\/schauspiel-nazihools-die-laengste-letzte-reihe-der-welt\/\"> Schauspiel: Nazihools \u2013 Die l\u00e4ngste letzte Reihe der Welt<\/a><\/p>\n<p>Kundgebung: <a href=\"https:\/\/www.rassismus-toetet-leipzig.org\/index.php\/nazihools-die-laengste-letzte-reihe-der-welt\/\">Nazihools \u2013 Die l\u00e4ngste letzte Reihe der Welt<\/a><\/p>\n<h2><\/h2>\n<h2>2020<\/h2>\n<h3>Dezember<\/h3>\n<p>Pressemitteilung: <a href=\"https:\/\/www.rassismus-toetet-leipzig.org\/index.php\/pm-solidaritaet-mit-den-betroffenen-keine-buehne-dem-taeter\/\">Solidarit\u00e4t mit den Betroffenen \u2013 keine B\u00fchne dem T\u00e4ter<\/a><\/p>\n<p>Kundgebung:<a href=\"https:\/\/www.rassismus-toetet-leipzig.org\/index.php\/solidaritaet-mit-den-betroffenen-keine-buehne-dem-taeter-urteilsverkuendung-im-halle-prozess\/\"> \u201cSolidarit\u00e4t mit den Betroffenen \u2013 keine B\u00fchne dem T\u00e4ter\u201d \u2013 Urteilsverk\u00fcndung im Halle Prozess<\/a><\/p>\n<h3>Oktober<\/h3>\n<p>Redebeitr\u00e4ge: <a href=\"https:\/\/www.rassismus-toetet-leipzig.org\/index.php\/sammlung-zur-demonstration-am-24-10-2020\/\">Sammlung zur Demonstration am 24.10.2020<\/a><\/p>\n<p>Pressemitteilung: <a href=\"https:\/\/www.rassismus-toetet-leipzig.org\/index.php\/pressemitteilungen-im-oktober\/\">In der Woche vom 19. bis 24. Oktober fanden in Leipzig eine Reihe von Veranstaltungen zu den Themen rechte Morde seit 1990 und rechtsradikale Netzwerke statt.<\/a><\/p>\n<p>Aufruf: <a href=\"https:\/\/www.rassismus-toetet-leipzig.org\/index.php\/kreativ-und-aktiv-gedenken-an-todesopfer-rechter-gewalt\/\">Kreativ und aktiv gedenken an Todesopfer rechter Gewalt!<\/a><\/p>\n<h3>August<\/h3>\n<p>Aufruf: <a href=\"https:\/\/www.rassismus-toetet-leipzig.org\/index.php\/niemand-ist-vergessen-nichts-ist-vergeben\/\">Niemand ist vergessen, Nichts ist vergeben!<\/a><\/p>\n<h3>Mai<\/h3>\n<p>Kundgebung: <a href=\"https:\/\/www.rassismus-toetet-leipzig.org\/index.php\/kundgebung-14-5-keine-einzeltaeter-netzwerk-vor-gericht\/\">Keine Einzelt\u00e4ter \u2013 Netzwerk vor Gericht<\/a><\/p>\n<h3>April<\/h3>\n<p>Kundgebung: <a href=\"https:\/\/www.rassismus-toetet-leipzig.org\/index.php\/kundgebung-keine-einzeltaeter-rechtes-netzwerk-vor-gericht\/\">Keine Einzelt\u00e4ter \u2013 Rechtes Netzwerk vor Gericht<\/a><\/p>\n<h3>Januar<\/h3>\n<p>Veranstaltung: <a href=\"https:\/\/www.rassismus-toetet-leipzig.org\/index.php\/netzwerk-voller-einzeltaeter-vier-jahre-nach-dem-neo-nazi-angriff-auf-connewitz\/\">Netzwerk voller Einzelt\u00e4ter &#8211; Vier Jahre nach dem Neo-Nazi-Angriff auf Connewitz<\/a><\/p>\n<h2><\/h2>\n<h2>2019<\/h2>\n<h3>November<\/h3>\n<p>Thesen: <a href=\"https:\/\/www.rassismus-toetet-leipzig.org\/index.php\/name-it-face-it-rechten-terror-bekaempfen\/\">Name it, face it \u2013 Rechten Terror bek\u00e4mpfen<\/a><\/p>\n<p>Lesung: <a href=\"https:\/\/www.rassismus-toetet-leipzig.org\/index.php\/lesung-am-30-november-die-schoenste-jugend-ist-gefangen\/\">Lesung am 30. November: &#8222;Die sch\u00f6nste Jugend ist gefangen&#8220;<\/a><\/p>\n<h3>Oktober<\/h3>\n<p>Gedenken: <a href=\"https:\/\/www.rassismus-toetet-leipzig.org\/index.php\/24-10-gedenken-an-kamal\/\">24.10.: Gedenken an Kamal<\/a><\/p>\n<p>Pressemitteilung: <a href=\"https:\/\/www.rassismus-toetet-leipzig.org\/index.php\/rechte-gewalt-konsequent-bekaempfen-bezahlbares-wohnen-ermoeglichen\/\">Rechte Gewalt konsequent bek\u00e4mpfen + Bezahlbares Wohnen erm\u00f6glichen +<\/a><\/p>\n<h3>September<\/h3>\n<p>Veranstaltungshinweis: <a href=\"https:\/\/www.rassismus-toetet-leipzig.org\/index.php\/vortrag-der-antisemitische-doppelmord-an-lewin-und-poeschke\/\">Vortrag \u201eDer antisemitische Doppelmord an Lewin und Poeschke\u201c<\/a><\/p>\n<h3>August<\/h3>\n<p>Text: <a href=\"https:\/\/www.rassismus-toetet-leipzig.org\/index.php\/rechter-terror-in-sachsen-das-beispiel-wurzen\/\">Rechter Terror in Sachsen \u2013 Das Beispiel Wurzen<\/a><\/p>\n<p>Demonstration: <a href=\"https:\/\/www.rassismus-toetet-leipzig.org\/index.php\/wurzen-keine-stimme-den-faschos-den-rechten-foren-den-raum-nehmen\/\">Wurzen &#8211; Keine Stimme den Faschos. Den rechten Foren den Raum nehmen!<\/a><\/p>\n<p>Veranstaltung: <a href=\"https:\/\/www.rassismus-toetet-leipzig.org\/index.php\/die-akte-connewitz-rechte-gewalttaeter-vor-gericht\/\">Die Akte Connewitz \u2013 rechte Gewaltt\u00e4ter vor Gericht<\/a><\/p>\n<h3>Februar<\/h3>\n<p>Aufruf: <a href=\"https:\/\/www.rassismus-toetet-leipzig.org\/index.php\/solidaritaet-muss-praktisch-werden-gegen-die-polizeigewalt-in-frankreich-police-partout-justice-nulle-part\/\">Solidarit\u00e4t muss praktisch werden! Gegen die Polizeigewalt in Frankreich! Police partout, justice nulle part.<\/a><\/p>\n<p>Aufruf: <a href=\"https:\/\/www.rassismus-toetet-leipzig.org\/index.php\/16-maerz-die-wartburgstadt-ins-wanken-bringen-bundesweite-antifa-demonstration-in-eisenach\/\">16. M\u00e4rz \u2013 \u201cDie Wartburgstadt ins Wanken bringen!\u201d Bundesweite Antifa-Demonstration in Eisenach<\/a><\/p>\n<h3>Januar<\/h3>\n<p>Wochenende f\u00fcr eine antifaschistische Praxis: <a href=\"https:\/\/www.rassismus-toetet-leipzig.org\/index.php\/es-passiert-nichts-gutes-ausser-wir-tun-es-fuer-eine-antifaschistische-praxis\/\">Es passiert nichts Gutes, au\u00dfer wir tun es! \u2013 F\u00fcr eine antifaschistische Praxis.<\/a><\/p>\n<p>Kundgebung: <a href=\"https:\/\/www.rassismus-toetet-leipzig.org\/index.php\/kundgebungkein-neonaziangriff-wird-vergessen-die-zweite\/\">Kein Freispruch f\u00fcr Nazis und Justiz \u2013 Kein Neonaziangriff wird vergessen \/ <strong>Die Zweite!<\/strong><\/a><\/p>\n<p>Kundgebung: <a href=\"https:\/\/www.rassismus-toetet-leipzig.org\/index.php\/kundgebung-kein-freispruch-fuer-nazis-und-justiz-kein-neonaziangriff-wird-vergessen\/\">Kein Freispruch f\u00fcr Nazis und Justiz \u2013 Kein Neonaziangriff wird vergessen<\/a><\/p>\n<h2><\/h2>\n<h2>2018<\/h2>\n<h3>Dezember<\/h3>\n<p>Vortrag: <a href=\"https:\/\/www.rassismus-toetet-leipzig.org\/index.php\/abtreibung-lebensschutz-bewegung-und-neue-rechte\/\">Abtreibung, \u201eLebensschutz\u201c-Bewegung und Neue Rechte<\/a><\/p>\n<p><a href=\"https:\/\/www.rassismus-toetet-leipzig.org\/index.php\/kaltort-ranking-2018\/\">Kaltort Ranking 2018<\/a><\/p>\n<h3>November<\/h3>\n<p><a href=\"https:\/\/www.rassismus-toetet-leipzig.org\/index.php\/redebeitraege-vom-4-11-2018\/\">Redebeitr\u00e4ge vom 4.11.2018<\/a><\/p>\n<p>Aufruf: <a href=\"https:\/\/www.rassismus-toetet-leipzig.org\/index.php\/kein-schlussstrich-fuer-nsu-unterstuetzer-das-leben-ist-kein-hufeisen\/\">Kein Schlussstrich f\u00fcr NSU-Unterst\u00fctzer! Das Leben ist kein Hufeisen!<\/a><\/p>\n<p><a href=\"https:\/\/www.rassismus-toetet-leipzig.org\/index.php\/pressemitteilung-04-11-2018\/\">Pressemitteilung 04.11.2018<\/a><\/p>\n<p><a href=\"https:\/\/www.rassismus-toetet-leipzig.org\/index.php\/pressemitteilung-01-11-2018\/\">Pressemitteilung 01.11.2018<\/a><\/p>\n<h3>Oktober<\/h3>\n<p><a href=\"https:\/\/www.rassismus-toetet-leipzig.org\/index.php\/wir-werden-das-urteil-nicht-anerkennen-nichtstaatliches-gedenken-an-die-opfer-des-nsu\/\">\u201eWir werden das Urteil nicht anerkennen\u201c \u2013 Nichtstaatliches Gedenken an die Opfer des NSU<\/a><\/p>\n<p>Demonstration: <a href=\"https:\/\/www.rassismus-toetet-leipzig.org\/index.php\/demonstration-wer-schweigt-stimmt-zu-den-rassistischen-konsens-durchbrechen\/\">Wer schweigt, stimmt zu \u2013 Den rassistischen Konsens durchbrechen!<\/a><\/p>\n<p><a href=\"https:\/\/www.rassismus-toetet-leipzig.org\/index.php\/25-jahre-asylrechtsverschaerfung-veranstaltungen\/\">25 Jahre Asylrechtsversch\u00e4rfung: Veranstaltungen<\/a><\/p>\n<h3>August<\/h3>\n<p>25 Jahre Asylrechtsversch\u00e4rfung: <a href=\"https:\/\/www.rassismus-toetet-leipzig.org\/index.php\/25-jahre-asylrechtsverschaerfung-sieben-thesen\/\">Sieben Thesen<\/a><\/p>\n<h3>April<\/h3>\n<p>Antifa: <a href=\"https:\/\/www.rassismus-toetet-leipzig.org\/index.php\/antifa-gib-mir-irgendwas-das-bleibt\/\">\u201cGib mir irgendwas, das bleibt.\u201d \u2013 \u00dcberlegungen und Reflexionen \u00fcber die Notwendigkeit, Pogrome zu verhindern<\/a><\/p>\n<h3>M\u00e4rz<\/h3>\n<p>Bundesweite Aktionen zur Urteilsverk\u00fcndung im NSU-Prozess &#8211; <a href=\"https:\/\/www.rassismus-toetet-leipzig.org\/index.php\/bundesweite-aktionen-zur-urteilsverkuendung-im-nsu-prozess-auch-in-leipzig\/\">auch in Leipzig<\/a><\/p>\n<p>Veranstaltung: <a href=\"https:\/\/www.rassismus-toetet-leipzig.org\/index.php\/der-nsu-komplex-und-die-saboteure-der-aufklaerung\/\">Der NSU-Komplex und die Saboteure der Aufkl\u00e4rung<\/a><\/p>\n<h3>Februar<\/h3>\n<p>Demonstration: <a href=\"https:\/\/www.rassismus-toetet-leipzig.org\/index.php\/feministischer-kampftag-ist-jeden-tag-solidarisch-divers-global\/\">Feministischer Kampftag ist jeden Tag \u2013 solidarisch. divers. global.<\/a><\/p>\n<h3>Januar<\/h3>\n<p>Veranstaltung: <a href=\"https:\/\/www.rassismus-toetet-leipzig.org\/index.php\/hafenstrasse96-gedenken-anklagen\/\">Hafenstra\u00dfe\u201996 \u2013 Gedenken &amp; Anklagen<\/a><\/p>\n<h2><\/h2>\n<h2>2017<\/h2>\n<h3>November<\/h3>\n<p>Dokumentiert: <a href=\"https:\/\/www.rassismus-toetet-leipzig.org\/index.php\/weiterer-beitrag-der-leipziger-rede-2017\/\">Weiterer Beitrag auf der &#8222;Leipziger Rede&#8220;<\/a><\/p>\n<p>Dokumentiert: <a href=\"https:\/\/fckp3.dontexist.net\/blogs\/wordpress\/rassismus-toetet\/wordpress\/index.php\/leipziger-rede\/\">Beitrag auf der &#8222;Leipziger Rede&#8220;<\/a><\/p>\n<h3>Oktober<\/h3>\n<p><a href=\"https:\/\/www.rassismus-toetet-leipzig.org\/index.php\/veranstaltungen-im-rahmen-der-kampagne-kampf-der-inneren-sicherheit-gegen-die-innenministerkonferenz-2017-in-leipzig\/\">Veranstaltungen im Rahmen der Kampagne \u201cKampf der inneren Sicherheit \u2013 Gegen die Innenministerkonferenz 2017 in Leipzig\u201d<\/a><\/p>\n<p><a href=\"https:\/\/www.rassismus-toetet-leipzig.org\/index.php\/aktiv-gedenken-statt-schweigend-vergessen-rassismus-toetet-in-gedenken-an-achmed-b-und-kamal-k\/\">Aktiv Gedenken statt schweigend Vergessen! \u2013 Rassismus t\u00f6tet! \u2014 In Gedenken an Achmed B. und Kamal K.<\/a><\/p>\n<h3>September<\/h3>\n<p><a href=\"https:\/\/www.rassismus-toetet-leipzig.org\/index.php\/veranstaltungen-in-den-kritischen-einfuehrungswochen\/\">Veranstaltungen in den kritischen Einf\u00fchrungswochen<\/a><\/p>\n<h3>August<\/h3>\n<p><a href=\"https:\/\/www.rassismus-toetet-leipzig.org\/index.php\/letzte-informationen-zu-wurzen\/\">Letzte Informationen zu Wurzen<\/a><\/p>\n<p><a href=\"https:\/\/www.rassismus-toetet-leipzig.org\/index.php\/24-august-im-conne-island-sonnenblumenhaus-das-pogrom-in-rostock-lichtenhagen\/\">24.August 2017 im Conne Island: Sonnenblumenhaus \u2013 Das Pogrom in Rostock-Lichtenhagen<\/a><\/p>\n<p>23.08.2017 <a href=\"https:\/\/www.rassismus-toetet-leipzig.org\/index.php\/kundgebung-aktiv-gedenken-statt-schweigend-vergessen\/\">Kundgebung: Aktiv Gedenken statt schweigend Vergessen!<\/a><\/p>\n<p>22.08.2017 <a href=\"https:\/\/www.rassismus-toetet-leipzig.org\/index.php\/info-veranstaltung-antifa-demo-wurzen0209\/\">Info-Veranstaltung &#8211; Antifa Demo #Wurzen0209<\/a><\/p>\n<p><a href=\"https:\/\/www.rassismus-toetet-leipzig.org\/index.php\/veranstaltungen-zum-25-jahrestag-des-pogroms-in-rostock-lichtenhagen\/\">Veranstaltungen zum 25. Jahrestag des Pogroms in Rostock-Lichtenhagen<\/a><\/p>\n<h3>Juli<\/h3>\n<p>15.07.2017 Aufruf: <a href=\"https:\/\/www.rassismus-toetet-leipzig.org\/index.php\/kurzaufruf-fuer-die-antifaschistische-demonstration-in-wurzen-am-tag-der-sachsen-02-september-2017\/\">Kurzaufruf f\u00fcr die antifaschistische Demonstration in Wurzen am \u201cTag der Sachsen\u201d, 02. September 2017<\/a><\/p>\n<h3>Juni<\/h3>\n<p>30.06.2017 Pressemitteilung: <a href=\"https:\/\/www.rassismus-toetet-leipzig.org\/index.php\/pm-vom-30-06-2017\/\">Veranstaltungsreihe \u201cAktiv Gedenken statt schweigend Vergessen!\u201d startet am 4. Juli 2017 mit einer Kundgebung in Gaschwitz<\/a><\/p>\n<p>19.06.2017 Aufruf: <a href=\"https:\/\/www.rassismus-toetet-leipzig.org\/index.php\/aktiv-gedenken-statt-schweigend-vergessen-rassismus-toetet-in-gedenken-an-nuno-lourenco\/\">Aktiv Gedenken statt schweigend Vergessen! \u2013 Rassismus t\u00f6tet! \u2014 In Gedenken an Nuno Louren\u00e7o<\/a><\/p>\n<h3>Mai<\/h3>\n<p>25.05.2017 Aufruf: <a href=\"https:\/\/www.rassismus-toetet-leipzig.org\/index.php\/aktiv-gedenken-statt-schweigend-vergessen\/\">Aktiv Gedenken statt schweigend Vergessen!<\/a><\/p>\n<p>18.05.2017 Erkl\u00e4rung: <a href=\"https:\/\/www.rassismus-toetet-leipzig.org\/index.php\/statement-zur-absage-der-teilnahme-an-der-veranstaltung-allein-unter-fluechtlingen-03-05-2017-conne-island-mit-tuvia-tenenbom\/\">Statement zur Absage der Teilnahme an der Veranstaltung &#8222;Allein unter Fl\u00fcchtlingen&#8220; (03.05.2017, Conne Island) mit Tuvia Tenenbom<\/a><\/p>\n<p>03.05.2017 vorl\u00e4ufiges Statement: <a href=\"https:\/\/www.rassismus-toetet-leipzig.org\/index.php\/zur-absage-der-lesung-allein-unter-fluechtlingen-mit-tuvia-tenenbom\/\">Zur Absage der Lesung &#8222;Allein unter Fl\u00fcchtlingen&#8220; mit Tuvia Tenenbom<\/a><\/p>\n<p>03.05.2017 Lesung: <a href=\"https:\/\/www.rassismus-toetet-leipzig.org\/index.php\/3-mai-2017-lesung-und-diskussion-allein-unter-fluechtlingen-mit-tuvia-tenenbom\/\">&#8222;Allein unter Fl\u00fcchtlingen&#8220; mit Tuvia Tenenbom<\/a><\/p>\n<h3>April<\/h3>\n<p>11.04.2017 Pressemitteilung: <a href=\"https:\/\/www.rassismus-toetet-leipzig.org\/index.php\/gedenktafel-fuer-kamal-k-gestohlen\/\">Gedenktafel f\u00fcr Kamal K. gestohlen<\/a><\/p>\n<h3>Februar<\/h3>\n<p>08.02.2017 Veranstaltung: <a href=\"https:\/\/www.rassismus-toetet-leipzig.org\/index.php\/luebecker-hafenstrasse-veranstaltung-zum-21-jahrestag\/\">L\u00fcbecker Hafenstra\u00dfe Veranstaltung zum 21. Jahrestag<\/a><\/p>\n<h2><\/h2>\n<h2>2016<\/h2>\n<h3><strong>Dezember<\/strong><\/h3>\n<p>28.12.2016 Film: <a href=\"https:\/\/www.rassismus-toetet-leipzig.org\/index.php\/film-paris-rebelle-zwischen-rechtsruck-und-revolte\/\">&#8222;Paris Rebelle \u2013 Zwischen Rechtsruck und Revolte&#8220;<\/a><\/p>\n<h3><strong>November<\/strong><\/h3>\n<p>30.11.2016 Lesung: <a href=\"https:\/\/www.rassismus-toetet-leipzig.org\/index.php\/30-11-lesung-retrofieber-wenn-neonazis-die-ostdeutschen-strassen-zurueckerobern\/\">&#8222;Retrofieber &#8211; Wenn Neonazis die ostdeutschen Stra\u00dfen zur\u00fcckerobern&#8220;<\/a><\/p>\n<p>05.11.2016 Demonstration: <a href=\"https:\/\/www.rassismus-toetet-leipzig.org\/index.php\/nsu-in-zwickau-kein-gras-drueber-wachsen-lassen-gegen-nazi-terror-und-den-rassistischen-normalzustand\/\">NSU in Zwickau: Kein Gras dr\u00fcber wachsen lassen! Gegen Nazi-Terror und den rassistischen Normalzustand.<\/a><\/p>\n<p>01.11.2016 Hinweis: <a href=\"http:\/\/initiativkreis.blogsport.de\/2016\/10\/07\/leipziger-rede-2016\/\">Leipziger Rede 2016<\/a><\/p>\n<h3>Oktober<\/h3>\n<p>27.10.2016 Veranstaltung: <a href=\"https:\/\/www.rassismus-toetet-leipzig.org\/index.php\/der-kuafoer-aus-der-keupstrasse-nsu-in-zwickau-kein-gras-drueber-wachsen-lassen-gegen-nazi-terror-und-den-rassistischen-normalzustand\/\">DER KUAF\u00d6R AUS DER KEUPSTRA\u00dfE &amp; NSU in Zwickau: Gegen Nazi-Terror und den rassistischen Normalzustand.<\/a><\/p>\n<h3>September<\/h3>\n<p>Aufruf zur Demonstration &#8211; <a href=\"https:\/\/www.rassismus-toetet-leipzig.org\/index.php\/aufruf-2016\/\">Look back to fight forward! \u2013 F\u00fcr ein aktives Gedenken an alle Opfer rechter Gewalt!<\/a><\/p>\n<h3>Juli<\/h3>\n<p>08.07.2016 Artikel: <a href=\"https:\/\/www.rassismus-toetet-leipzig.org\/index.php\/gedenktafel-fuer-kamal-k-nach-zerstoerung-erneuert\/\">Gedenktafel f\u00fcr Kamal K. nach Zerst\u00f6rung erneuert<\/a><\/p>\n<h3>Juni<\/h3>\n<p>10.06.2016 Kundgebungen: <a href=\"https:\/\/www.rassismus-toetet-leipzig.org\/index.php\/kundgebung-deutschland-gut-alles-gut\/\">Deutschland gut. Alles gut?<\/a><\/p>\n<h3>Mai<\/h3>\n<p>26.05.2016 Diskussionsbeitrag: <a href=\"https:\/\/www.rassismus-toetet-leipzig.org\/index.php\/danke-fuer-die-blumen-mit-asylrechts-verschaerferinnen-gegen-legida-co\/\">Danke f\u00fcr die Blumen! \u201cMit Asylrechts-Versch\u00e4rfer*innen gegen Legida &amp; Co.?\u201d<\/a><\/p>\n<p>19.05.2016 Podiumsgespr\u00e4ch: \u00bb<a href=\"https:\/\/www.rassismus-toetet-leipzig.org\/index.php\/25-jahre-nach-dem-rassistischen-pogrom-von-hoyerswerda\/\">25. Jahre nach dem rassistischen Pogrom von Hoyerswerda<\/a>\u00ab<\/p>\n<p>19.05.2016 Kundgebung: <a href=\"https:\/\/www.rassismus-toetet-leipzig.org\/index.php\/kundgebung-fuer-eine-solidarische-gesellschaft\/\">F\u00fcr eine solidarische Gesellschaft!<\/a><\/p>\n<p>&nbsp;<\/p>\n<h2>2015<\/h2>\n<h3>Dezember<\/h3>\n<p>11.12.2015 Demonstration: <a href=\"https:\/\/www.rassismus-toetet-leipzig.org\/index.php\/aufruf-die-rechten-zu-boden-fuer-konsequenten-antifaschismus\/\">Die Rechten zu Boden &#8211; F\u00fcr konsequenten Antifaschismus<\/a><\/p>\n<h3>Oktober<\/h3>\n<p>26.10.2015 Artikel: <a href=\"https:\/\/www.rassismus-toetet-leipzig.org\/index.php\/demonstration-am-24-10-2015-in-leipzig\/\">Sammlung zur Demonstration am 24.10.2015 <\/a><\/p>\n<p>25.10.2015 Pressemitteilung: <a href=\"https:\/\/www.rassismus-toetet-leipzig.org\/index.php\/pressemitteilung-25-10-2015\/\">Demonstration am 24.10.2015<\/a><\/p>\n<p>24.10.2015 Redebeitrag: <a href=\"https:\/\/www.rassismus-toetet-leipzig.org\/index.php\/redebeitrag-vom-24-10-2015\/\">\u201cFlucht &amp; Vertreibung\u201d &#8211; Plakat am Neuen Rathaus in Leipzig<\/a><\/p>\n<p>20.10.2015 Veranstaltung: <a href=\"https:\/\/www.rassismus-toetet-leipzig.org\/index.php\/20-10-2015-leipziger-rede\/\">\u201eLeipziger Rede\u201c<\/a><\/p>\n<p>8.-23.10.2015 Ausstellung Uni Leipzig: <a href=\"https:\/\/www.rassismus-toetet-leipzig.org\/index.php\/08-26-10-2015-uni-leipzig-ausstellung-die-verschwiegenen-toten-rassistische-mobilisierungen-zurueck-in-die-90er-jahre\/\">\u00bbDie verschwiegenen Toten\u00ab + Rassistische Mobilisierungen \u2013 zur\u00fcck in die 90er Jahre?<\/a><\/p>\n<p>5.10.2015 Aufruf: <a href=\"https:\/\/www.rassismus-toetet-leipzig.org\/index.php\/aufruf-zur-demonstration-am-24-10-5-years-of-anger-and-sorrow-fight-racism\/\">5 YEARS OF ANGER AND SORROW \u2013 FIGHT RACISM<\/a><\/p>\n<h3>September<\/h3>\n<p>19.09.2015 Artikel: <a href=\"https:\/\/www.rassismus-toetet-leipzig.org\/index.php\/19-9-von-leipzig-nach-nuernberg-gegen-deutschland-und-seine-nazis\/\">Von Leipzig nach N\u00fcrnberg: Gegen Deutschland und seine Nazis&#8230;<\/a><\/p>\n<p>11.-13.09.2015 Kongress: <a href=\"https:\/\/www.rassismus-toetet-leipzig.org\/index.php\/gedenkkongress-2015-in-leipzig\/\">Gedenkkongress 2015 in Leipzig<\/a><\/p>\n<h3>August<\/h3>\n<p>14.08.2015 Ausstellung und Filmgespr\u00e4ch: <a href=\"https:\/\/www.rassismus-toetet-leipzig.org\/index.php\/14-08-conne-island-ausstellung-die-verschwiegenen-toten-filmgespraech-the-truth-lies-in-rostock\/\">\u00bbDie verschwiegenen Toten\u00ab &amp; Filmgespr\u00e4ch &#8222;The Truth lies in Rostock&#8220;<\/a><\/p>\n<h3>Juli<\/h3>\n<p>31.07.2015 Demonstration: <a href=\"https:\/\/www.rassismus-toetet-leipzig.org\/index.php\/31-07-we-didnt-start-the-fire-wider-dem-rassistischen-mob-in-freital\/\">\u201cWe didn\u2019t start the fire\u2026\u201d &#8211; Wider dem rassistischen Mob in Freital!<\/a><\/p>\n<p>18.07.2015 Demonstration: <a href=\"https:\/\/www.rassismus-toetet-leipzig.org\/index.php\/emanzipatorische-kaempfe-verbinden-buendnis-fuer-einen-emanzipatorischen-block-beim-csd\/\">Emanzipatorische K\u00e4mpfe verbinden! B\u00fcndnis f\u00fcr einen emanzipatorischen Block beim CSD<\/a><\/p>\n<p>15.07.2015 Vortrag: <a href=\"https:\/\/www.rassismus-toetet-leipzig.org\/index.php\/schwule-nazis-maennliche-homosexualitaet-und-homosexuellenfeindlichkeit-in-der-extremen-rechten\/\">Schwule Nazis?! M\u00e4nnliche Homosexualit\u00e4t und Homosexuellenfeindlichkeit in der extremen Rechten<\/a><\/p>\n<h3>Juni<\/h3>\n<p>09.06.2015 Aufruf: <a href=\"https:\/\/www.rassismus-toetet-leipzig.org\/index.php\/wer-nicht-ertrinkt-wird-eingesperrt-nicht-mit-uns\/\">Wer nicht ertrinkt, wird eingesperrt. NICHT MIT UNS!<\/a><\/p>\n<h3>Mai<\/h3>\n<p>26.05. &#8211; 23.06.2015 Ausstellung HTWK: \u201e<a href=\"https:\/\/www.rassismus-toetet-leipzig.org\/index.php\/ausstellung-htwk-26-5-23-6-die-verschwiegenen-toten-todesopfer-rechter-gewalt-in-leipzig-seit-1990%e2%80%b3\/\">Die verschwiegenen Toten Todesopfer rechter Gewalt in Leipzig seit 1990<\/a>\u2033<\/p>\n<p>22.05.2015 Vortrag: <a href=\"https:\/\/www.rassismus-toetet-leipzig.org\/index.php\/informationsvortrag-gegen-den-tag-der-deutschen-zukunft\/\">Informationsvortrag gegen den \u201eTag der deutschen Zukunft\u201c<\/a><\/p>\n<p>11.05. &#8211; 24.05 2015 Ausstellung im P\u00f6ge-Haus: \u201e<a href=\"https:\/\/www.rassismus-toetet-leipzig.org\/index.php\/ausstellung-im-poege-haus-die-verschwiegenen-toten-opfer-rechter-gewalt-in-leipzig-seit-1990%e2%80%b3\/\">Die verschwiegenen Toten \u2013 Opfer rechter Gewalt in Leipzig seit 1990<\/a>\u2033<\/p>\n<h3>M\u00e4rz<\/h3>\n<p>28.03.2015 <a href=\"https:\/\/www.rassismus-toetet-leipzig.org\/index.php\/pressemittteilung\/\">Pressemitteilung<\/a><\/p>\n<p>18.03.2015 Aufruf: <a href=\"https:\/\/www.rassismus-toetet-leipzig.org\/index.php\/kamal-k-von-rassisten-ermordet-nazis-keine-ruhe-lassen-nichts-wird-vergessen-nichts-ist-vergeben\/\">Kamal K. von Rassisten ermordet! Nazis keine Ruhe lassen!<\/a><\/p>\n<h3>Februar<\/h3>\n<p>27.02.2015 Aufruf: <a href=\"https:\/\/www.rassismus-toetet-leipzig.org\/index.php\/demonstration-2-3-rassistischen-aufmaerschen-offensiv-entgegentreten\/\">Demonstration 2.3. &#8211; Rassistischen Aufm\u00e4rschen offensiv entgegentreten!<\/a><\/p>\n<p>24.02.2015 Filmgespr\u00e4ch: <a href=\"https:\/\/www.rassismus-toetet-leipzig.org\/index.php\/24-februar-filmgespraech-ueber-wir-sind-jung-wir-sind-stark\/\">&#8222;Wir sind jung. Wir sind stark.&#8220;<\/a><\/p>\n<h3>Januar<\/h3>\n<p><a href=\"https:\/\/www.rassismus-toetet-leipzig.org\/index.php\/redebeitrag-von-rassismus-toetet\/\">Redebeitrag<\/a> auf antirassistischen Demonstrationen gegen Legida<\/p>\n<p>27.01. &#8211; 05.02.2015 Ausstellung: <a href=\"https:\/\/www.rassismus-toetet-leipzig.org\/index.php\/ausstellung-die-verschwiegenen-toten-vom-27-01-05-02-2015-in-doebeln\/\">&#8222;Die verschwiegenen Toten&#8220; in D\u00f6beln<\/a><\/p>\n<p>10.01.2015\u00a0 Vortrag: <a href=\"https:\/\/www.rassismus-toetet-leipzig.org\/index.php\/10-01-2015-um-19uhr-in-der-stoe-vortrag-hoyerswerda-1991-moeglichkeiten-und-grenzen-linker-erinnerungspolitik\/\">Hoyerswerda 1991- M\u00f6glichkeiten und Grenzen linker Erinnerungspolitik<\/a><\/p>\n<p>08.01.2015 Pressemitteilung: <a href=\"https:\/\/www.rassismus-toetet-leipzig.org\/index.php\/thomas-k-als-opfer-rechter-gewalt-anerkannt\/\">Thomas K. als Opfer rechter Gewalt anerkannt<\/a><\/p>\n<p>&nbsp;<\/p>\n<h2>2014<\/h2>\n<h3>Dezember<\/h3>\n<p>27.12.2014 Aufruf: <a href=\"https:\/\/www.rassismus-toetet-leipzig.org\/index.php\/12-1-2015-demonstration-refugees-welcome-gegen-jeden-rassismus-legida-entgegentreten\/\">12.1.2015 Demonstration: Refugees Welcome \u2013 Gegen jeden Rassismus! &#8212; Legida entgegentreten!<\/a><\/p>\n<p>09.12.2014 Lesung: <a href=\"https:\/\/www.rassismus-toetet-leipzig.org\/index.php\/9-12-conne-island-allein-unter-juden-lesung-mit-tuvia-tenenbom\/\">&#8222;Allein unter Juden&#8220; Lesung mit Tuvia Tenenbom<\/a><\/p>\n<h3>November<\/h3>\n<p>26.11.2014 Aufruf: <a href=\"https:\/\/www.rassismus-toetet-leipzig.org\/index.php\/dresden-01-dezember-pediga-demonstration-entgegentreten\/\">[Dresden] 01. Dezember PEDIGA-Demonstration entgegentreten<\/a><\/p>\n<h3>Oktober<\/h3>\n<p>28.10.2014 Aufruf: &#8222;<a href=\"https:\/\/www.rassismus-toetet-leipzig.org\/index.php\/08-november-bautzen-rassistischer-hetze-entschlossen-entgegentreten\/\">08. November Bautzen: Rassistischer Hetze entschlossen entgegentreten<\/a>&#8220;<\/p>\n<p>25.10.2014 Bericht: &#8222;<a href=\"https:\/\/www.rassismus-toetet-leipzig.org\/index.php\/1000-menschen-bei-demonstration-zum-gedenken-an-kamal-und-alle-anderen-opfer-rechter-gewalt\/\">1000 Menschen bei Demonstration zum Gedenken an Kamal und alle anderen Opfer rechter Gewalt<\/a>&#8220;<\/p>\n<p>20.10.2014 Veranstaltung: &#8222;<a href=\"https:\/\/www.rassismus-toetet-leipzig.org\/index.php\/ausstellungseroeffnung-dei-verschwiegenen-toten-am-14-11-im-leipziger-rathaus\/\">Ausstellungser\u00f6ffnung &#8222;Die verschwiegenen Toten&#8220; am 14.11. im Leipziger Rathaus<\/a>&#8220;<\/p>\n<p>06.10.2014 Aufruf: &#8222;<a href=\"https:\/\/www.rassismus-toetet-leipzig.org\/index.php\/aufruf-zur-demonstration-am-25-10-in-leipzig\/\">Erinnern hei\u00dft k\u00e4mpfen<\/a>&#8220;<\/p>\n<h3>September<\/h3>\n<p>25.09.2014 Artikel: <a title=\"Hoyerswerda 1991: \u201cNichts &amp; niemand ist vergessen!\u201d\" href=\"https:\/\/www.rassismus-toetet-leipzig.org\/index.php\/hoyerswerda-1991-nichts-niemand-ist-vergessen\/\">Hoyerswerda 1991: &#8222;Nichts &amp; niemand ist vergessen!&#8220;<\/a><\/p>\n<p>03.09.2014 Aufruf: <a href=\"https:\/\/www.rassismus-toetet-leipzig.org\/index.php\/13-9-antirassistischer-kulturtag-im-leipziger-osten\/\">Antirassistischer Kulturtag im Leipziger Osten<\/a><\/p>\n<h3>Juni<\/h3>\n<p>25.06.2014 Artikel &#8222;<a href=\"https:\/\/www.rassismus-toetet-leipzig.org\/index.php\/spendenaufruf-fuer-die-revision-des-urteils-im-bernburg-prozess-sachsen-anhalt\/\">Spendenaufruf f\u00fcr die Revision des Urteils im Bernburg-Prozess<\/a>&#8220;<\/p>\n<p>18.06.2014 Artikel &#8222;<a href=\"https:\/\/www.rassismus-toetet-leipzig.org\/index.php\/150-menschen-bei-wm-kritischer-kundgebung-in-leipzig\/\">150 Menschen bei WM-kritischer Kundgebung in Leipzig<\/a>&#8220;<\/p>\n<p>16.06.2014 Kundgebung &#8222;<a href=\"https:\/\/www.rassismus-toetet-leipzig.org\/index.php\/leipzig-love-football-hate-the-world-cup-kundgebung-am-16-06-in-connewitz\/\">LOVE FOOTBALL \u2013 HATE THE WORLD CUP!<\/a>&#8220;<\/p>\n<h3>Mai<\/h3>\n<p>24.05.2014 Beitrag &#8222;<a href=\"https:\/\/www.rassismus-toetet-leipzig.org\/index.php\/redebeitrag-auf-der-demo-refugees-welcome-am-24-5-2014\/\">Refugees Welcome &#8211; Demonstration<\/a>&#8220;<\/p>\n<p>10.-24.05.2014 Veranstaltungen&#8220;<a href=\"https:\/\/www.rassismus-toetet-leipzig.org\/index.php\/antirassistische-aktionstage-vom-10-24-05-in-leipzig\/\">Antirassistische Aktionstage in Leipzig<\/a>&#8220;<\/p>\n<h3>M\u00e4rz<\/h3>\n<p>30.03.2014 Vortrag &#8222;<a href=\"https:\/\/www.rassismus-toetet-leipzig.org\/index.php\/4-april-2000-in-leipzig-strategien-gegen-den-rassistischen-mob\/\">Strategien gegen den rassistischen Mob<\/a>&#8220;<\/p>\n<p>11.03.2014 Artikel<a title=\"22.03. Europ\u00e4ischen Nazikongress verhindern!\" href=\"https:\/\/www.rassismus-toetet-leipzig.org\/index.php\/22-03-europaischen-nazikongress-verhindern\/\"> &#8222;22.03. Europ\u00e4ischen Nazikongress verhindern!&#8220;<\/a><\/p>\n<p>11.03.2014 Artikel &#8222;<a title=\"15.03. Nazidemo in Bautzen verhindern\" href=\"https:\/\/www.rassismus-toetet-leipzig.org\/index.php\/15-03-nazidemo-in-bautzen-verhindern\/\">15.03. Nazidemo in Bautzen verhindern&#8220;<\/a><\/p>\n<p>07.03.2014 Artikel <a href=\"https:\/\/www.rassismus-toetet-leipzig.org\/index.php\/veranstaltungen-zur-buchmesse\/\">&#8222;Veranstaltungen zur Buchmesse&#8220;<\/a><\/p>\n<p>05.03.2014 Vortrag <a href=\"https:\/\/fckp3.dontexist.net\/blogs\/wordpress\/rassismus-toetet\/wordpress\/index.php\/veranstaltungsreihe-zum-nsu-und-rechtsterrorismus\/\">&#8222;Eine Einsch\u00e4tzung zum Umgang der Mehrheitsgesellschaft und der politischen Linken zum NSU&#8220;<\/a> mit dem Apabiz (Teil der VA-Reihe zum NSU und Rechtsterrorismus)<\/p>\n<h3>Februar<\/h3>\n<p>24.02.2014 Podiumsdiskussion:<a href=\"https:\/\/www.rassismus-toetet-leipzig.org\/index.php\/veranstaltungsreihe-zum-nsu-und-rechtsterrorismus\/\"> &#8222;Auf dem Pr\u00fcfstand: Aufarbeitung der Morde des Nationalsozialistischen Untergrund&#8220;<\/a> (Teil der VA-Reihe zum NSU und Rechtsterrorismus)<\/p>\n<p>19.02.2014 Filmabend <a href=\"https:\/\/www.rassismus-toetet-leipzig.org\/index.php\/veranstaltungsreihe-zum-nsu-und-rechtsterrorismus\/\">\u201cDer NSU-Prozess\u201d \u2013 eine szenische Lesung des Prozesses<\/a> (Teil der VA-Reihe zum NSU und Rechtsterrorismus)<\/p>\n<p>06.02.2014 Artikel <a href=\"https:\/\/www.rassismus-toetet-leipzig.org\/index.php\/15-02-demonstration-magdeburg-kein-freispruch-fur-nazis-und-justiz\/\">&#8222;15.02. Demonstration Magdeburg: &#8222;Kein Freispruch f\u00fcr Nazis und Justiz!&#8220;<\/a><\/p>\n<p>01.02.2014 Lesung <a href=\"https:\/\/www.rassismus-toetet-leipzig.org\/index.php\/veranstaltungsreihe-zum-nsu-und-rechtsterrorismus\/\">aus Semiya Simseks &#8222;Schmerzliche Heimat. Deutschland und der Mord an meinem Vater&#8220;<\/a> (Teil der VA-Reihe zum NSU und Rechtsterrorismus)<\/p>\n<h3>Januar<\/h3>\n<p>29.01.2014 Artikel <a href=\"https:\/\/www.rassismus-toetet-leipzig.org\/index.php\/kundgebung-gegen-nazi-aufmarsch-am-03-02-in-schonefeld\/\">&#8222;Kundgebung gegen Nazi-Aufmarsch am 03.02. in Sch\u00f6nefeld&#8220;<\/a><\/p>\n<p>28.01.2014 Artikel <a href=\"https:\/\/www.rassismus-toetet-leipzig.org\/index.php\/podiumsdiskussion-refugees-welcome-die-proteste-gegen-asylunterkunfte-und-mogliche-gegenstrategien-in-leipzig-und-umland\/\">Podiumsdiskussion &#8222;Refugees welcome? Die Proteste gegen Asylunterk\u00fcnfte und m\u00f6gliche Gegenstrategien in Leipzig und Umland&#8220;<\/a><\/p>\n<p>28.01.2014 Artikel <a href=\"https:\/\/www.rassismus-toetet-leipzig.org\/index.php\/veranstaltungsreihe-auf-gute-nachbarschaft-in-leipzig-schonefeld\/\">&#8222;Veranstaltungsreihe &#8222;Auf gute Nachbarschaft&#8220; in Leipzig-Sch\u00f6nefeld&#8220;<\/a><\/p>\n<p>15.01.2014 Vortrag <a href=\"https:\/\/www.rassismus-toetet-leipzig.org\/index.php\/veranstaltungsreihe-zum-nsu-und-rechtsterrorismus\/\">und Gespr\u00e4ch mit Andrea R\u00f6pke<\/a> (Teil der VA-Reihe zum NSU und Rechtsterrorismus)<\/p>\n<p>&nbsp;<\/p>\n<h2>2013<\/h2>\n<h3>Dezember<\/h3>\n<p>04.12.2013 Artikel <a href=\"https:\/\/www.rassismus-toetet-leipzig.org\/index.php\/leipzig-schonefeld-solidaritat-mit-den-gefluchteten-gegen-jeden-rassismus\/\">&#8222;Leipzig-Sch\u00f6nefeld: Solidarit\u00e4t mit den Gefl\u00fcchteten &amp; Gegen jeden Rassismus!&#8220;<\/a><\/p>\n<h3>November<\/h3>\n<p>16.11.2013 Demonstration <a href=\"https:\/\/www.rassismus-toetet-leipzig.org\/index.php\/16-11-refugees-welcome-gegen-den-rassistischen-mob-in-schneeberg-und-uberall-ii\/\">&#8222;Refugees Welcome! Gegen den rassistischen Mob in Schneeberg und \u00fcberall II&#8220;<\/a><\/p>\n<p>04.11.2013 Artikel <a href=\"https:\/\/www.rassismus-toetet-leipzig.org\/index.php\/vorlesungsreihe-flucht-und-asyl\/\">&#8222;Vorlesungsreihe: Flucht und Asyl&#8220;<\/a><\/p>\n<p>02.11.2013 Demonstration <a href=\"https:\/\/www.rassismus-toetet-leipzig.org\/index.php\/refugees-welcome-gegen-den-rassistischen-mob-in-schneeberg-und-uberall\/\">&#8222;Refugees Welcome! Gegen den rassistischen Mob in Schneeberg und \u00fcberall I&#8220;<\/a><\/p>\n<h3>Oktober<\/h3>\n<p>31.10.2013 Artikel <a href=\"https:\/\/www.rassismus-toetet-leipzig.org\/index.php\/sachsen-braucht-eine-neue-unterbringungspolitik-keine-neuen-heime\/\">\u201eSachsen braucht eine neue Unterbringungspolitik \u2013 keine neuen Heime!\u201c<\/a><\/p>\n<p>26.10.2013 Demonstration &#8222;Remembering Means Fighting&#8220;, <a href=\"https:\/\/www.rassismus-toetet-leipzig.org\/index.php\/demonstration-am-26-10-13-in-leipzig-remembering-means-fighting-fur-ein-aktives-gedenken-an-alle-opfer-rechter-gewalt\/\">Aufruf<\/a>, Pressemitteilung (<a href=\"https:\/\/www.rassismus-toetet-leipzig.org\/index.php\/pressemitteilung-zur-demonstration-interview\/\">12.10.2013<\/a>), <a href=\"http:\/\/www.freie-radios.net\/59251\">Interview<\/a>, <a href=\"http:\/\/www.freie-radios.net\/59289\">Jingle<\/a>, <a href=\"https:\/\/www.rassismus-toetet-leipzig.org\/index.php\/demo-26-10-2013-kurzaufruf-und-ubersetzungen\/\">Kurzaufruf &amp; \u00dcbersetzung<\/a>, <a href=\"https:\/\/www.youtube.com\/watch?v=1wGO-88jFwg&amp;feature=c4-overview&amp;list=UUnZjjn8s8uD1X95CKjeh_7g\">Mobivideo<\/a>, <a href=\"https:\/\/www.rassismus-toetet-leipzig.org\/index.php\/800-menschen-erinnern-an-rechte-gewalt-und-den-mord-an-kamal-k\/\">Bericht danach<\/a><\/p>\n<p>24.10.2013 Einweihung <a href=\"https:\/\/www.rassismus-toetet-leipzig.org\/index.php\/einweihung-des-gedenkortes-fur-kamal-mobivideo\/\">Gedenkort f\u00fcr Kamal K.<\/a>, Presse: <a href=\"https:\/\/www.rassismus-toetet-leipzig.org\/index.php\/eroffnung-des-ersten-gedenkortes-fur-opfer-rechter-gewalt-in-leipzig\/\">Neues Deutschland<\/a><\/p>\n<p>16.10.2013 Artikel <a href=\"https:\/\/www.rassismus-toetet-leipzig.org\/index.php\/rechts-motivierte-morde-in-leipzig-ein-uberblick\/\">&#8222;Rechts motivierte Morde in Leipzig &#8211; ein \u00dcberblick&#8220;<\/a><\/p>\n<p>03.10.2013 Workshop <a href=\"https:\/\/www.rassismus-toetet-leipzig.org\/index.php\/workshop-nsu\/\">NSU<\/a><\/p>\n<p>01.10.2013 Artikel <a href=\"https:\/\/www.rassismus-toetet-leipzig.org\/index.php\/3-10-berlin-hellersdorf-demonstration-gemeinsam-fur-eine-solidarische-gesellschaft-gegen-rassismus\/\">&#8222;3.10. Berlin-Hellersdorf: Demonstration Gemeinsam f\u00fcr eine solidarische Gesellschaft \u2013 Gegen Rassismus&#8220;<\/a><\/p>\n<h3>September<\/h3>\n<p>18.09.2013 Kundgebung <a href=\"https:\/\/www.rassismus-toetet-leipzig.org\/index.php\/menschenwurdiges-leben-fur-alle-kundgebung-am-18-09-2013-leipzig-neues-rathaus\/\">&#8222;Menschenw\u00fcrdiges Leben f\u00fcr alle!&#8220;<\/a>, <a href=\"https:\/\/fckp3.dontexist.net\/blogs\/wordpress\/rassismus-toetet\/wordpress\/wp-content\/uploads\/2012\/09\/PM_2013_09_15.pdf\">Pressemitteilung<\/a><\/p>\n<p>14.09.2013 Unterst\u00fctzung der Demonstration <a href=\"https:\/\/www.rassismus-toetet-leipzig.org\/index.php\/pogrome-verhindern-bevor-sie-passieren\/\">&#8222;Pogrome verhindern, bevor sie passieren!&#8220;<\/a>, <a href=\"http:\/\/rackwitz.blogsport.eu\/\">Blog<\/a> zur Demonstration, <a href=\"http:\/\/rackwitz.blog.de\/\">Chronologie der Ereignisse<\/a><\/p>\n<h3>August<\/h3>\n<p>29.08.2013 Artikel <a href=\"https:\/\/www.rassismus-toetet-leipzig.org\/index.php\/leipzig-die-todlichen-konsequenzen-der-deutschen-asylgesetzgebung-der-tod-von-hisham-yazbek\/\">&#8222;Leipzig: Die t\u00f6dlichen Konsequenzen der deutschen Asylgesetzgebung \u2013 Der Tod von Hisham Yazbek<\/a>&#8220;<\/p>\n<p>21.08. 2013 Artikel <a href=\"https:\/\/www.rassismus-toetet-leipzig.org\/index.php\/kampf-dem-rassismus-immer-und-uberall\/\">&#8222;Kampf dem Rassismus! Solidarit\u00e4t mit Gefl\u00fcchteten und Migrant_innen \u2013 immer und \u00dcberall!&#8220;<\/a><\/p>\n<p>21.08.2013 Artikel <a href=\"https:\/\/www.rassismus-toetet-leipzig.org\/index.php\/auf-der-flucht-spendenaufruf-fur-chala-shengjul\/\">&#8222;Auf der Flucht \u2013 Spendenaufruf f\u00fcr Chala &amp; Shengjul&#8220;<\/a><\/p>\n<p>15.08.2013 Vortrag &#8222;20 Jahre faktische Abschaffung des Grundrechts auf Asyl&#8220; beim <a href=\"http:\/\/lalibertadfestival.wordpress.com\/\">La Libertad-Festival<\/a> in Gersdorf<\/p>\n<p>07.08.2013 Artikel <a href=\"https:\/\/www.rassismus-toetet-leipzig.org\/index.php\/hohe-spendenbereitschaft-fur-getoteten-wohnungslosen-andre-k\/\">&#8222;Hohe Spendenbereitschaft f\u00fcr get\u00f6teten Wohnungslosen Andr\u00e9 K.&#8220;<\/a><\/p>\n<h3>Juli<\/h3>\n<p>21.07.2013 Artikel <a href=\"https:\/\/www.rassismus-toetet-leipzig.org\/index.php\/never-forget-kamal\/\">&#8222;Never forget Kamal \u2013 Gedenken aus Anlass des 22.Geburtstages von Kamal<\/a>&#8220;<\/p>\n<h3>Juni<\/h3>\n<p>13.06.2013 Vortrag Pogrome der 1990er Jahre in Limbach-Oberfrohna: <a href=\"http:\/\/schwarzerpeter.blogsport.de\/2013\/06\/28\/eine-vortragsreihe-zur-asylpolitik-in-deutschland\/\">Ank\u00fcndigungstext<\/a><\/p>\n<p>08.06.2013 Artikel <a href=\"https:\/\/www.rassismus-toetet-leipzig.org\/index.php\/wir-unterstutzen-den-protest-gegen-die-abschiebung-von-shengjul-und-chala-demova-nach-mazedonien\/\">&#8222;Wir unterst\u00fctzen den Protest gegen die Abschiebung von Shengjul und Chala Demova nach Mazedonien&#8220;<\/a><\/p>\n<p>Juni 2013 Text <strong><a href=\"https:\/\/fckp3.dontexist.net\/blogs\/wordpress\/rassismus-toetet\/wordpress\/?p=1026\">&#8222;<\/a><\/strong><a href=\"https:\/\/www.rassismus-toetet-leipzig.org\/index.php\/unser-gastkommentar-zur-faktischen-abschaffung-des-grundrechtes-auf-asyl-im-stadtmagazin-kreuzer\/\">Gastkommentar zur faktischen Abschaffung des Grundrechtes auf Asyl im Stadtmagazin Kreuzer<\/a><a href=\"https:\/\/fckp3.dontexist.net\/blogs\/wordpress\/rassismus-toetet\/wordpress\/?p=1026\">&#8222;<\/a><\/p>\n<h3>Mai<\/h3>\n<p>27.05.2013 Vortrag &#8222;Sozialdarwinismus und der Mord an Andre K.&#8220; in Oschatz<\/p>\n<p>25.05.2013 bundesweite Demonstrationen in <a href=\"http:\/\/www.fightracismnow.net\/\">Berlin<\/a> und <a href=\"http:\/\/solingen93.org\/\">Solingen<\/a><\/p>\n<p>24.05.2013 Artikel <a href=\"https:\/\/www.rassismus-toetet-leipzig.org\/index.php\/umbettung-des-2011-getoteten-wohnungslosen-andre-k-weitere-spenden-notig\/\">&#8222;Umbettung des 2011 get\u00f6teten wohnungslosen Andr\u00e9 K. \u2013 weitere Spenden n\u00f6tig<\/a>&#8220;<\/p>\n<p>18.05.2013 Vortrag im Rahmen der antirassistischen Aktionstage von <a href=\"http:\/\/grenzenlos.antira.info\/\">Grenzenlos<\/a> <a href=\"https:\/\/www.rassismus-toetet-leipzig.org\/index.php\/von-der-faktischen-abschaffung-des-asylrechts-uber-die-drittstaatenlosung-zu-dublin-ii-no-border-kampfe-in-europa\/\">&#8222;Von der faktischen Abschaffung des Asylrechts \u00fcber die Drittstaatenl\u00f6sung zu Dublin II \u2013 No-Border-K\u00e4mpfe in Europa&#8220;<\/a><\/p>\n<p>16.05.2013 Vortrag im Rahmen der antirassistischen Aktionstage von <a href=\"http:\/\/www.unwritten-future.org\/\">the future is unwritten<\/a> <a href=\"https:\/\/www.rassismus-toetet-leipzig.org\/index.php\/kritik-der-migrationspolitik\/\">&#8222;Kritik der Migrationspolitik&#8220;<\/a><\/p>\n<p>15.05.2013 <a href=\"https:\/\/www.rassismus-toetet-leipzig.org\/index.php\/videokundgebung\/\">Videokundgebung<\/a>: <a href=\"https:\/\/fckp3.dontexist.net\/blogs\/wordpress\/rassismus-toetet\/wordpress\/wp-content\/uploads\/2012\/09\/PM_Videokundgebung_15.05.2013.pdf\">Pressemitteilung<\/a><\/p>\n<p>14.05.2013 Vortrag: <a href=\"https:\/\/www.rassismus-toetet-leipzig.org\/index.php\/abschaffung-des-grundrechts-auf-asyl-und-antirassistische-kampfe\/\">&#8222;Abschaffung des Grundrechts auf Asyl und antirassistische K\u00e4mpfe&#8220;<\/a><\/p>\n<p>11.05.2013 Pressemitteilung <a href=\"https:\/\/www.rassismus-toetet-leipzig.org\/index.php\/pm-antirassistischer-stadtrundgang-in-leipzig-zum-beginn-der-bundesweiten-antirassistischen-aktionstage\/\">&#8222;Antirassistischer Stadtrundgang in Leipzig zum Beginn der bundesweiten Antirassistischen Aktionstage&#8220;<\/a><\/p>\n<p>11.05.2013 Vortrag im Rahmen der antirassistischen Aktionstage von Prisma <a href=\"https:\/\/www.rassismus-toetet-leipzig.org\/index.php\/rassistische-asylpolitik-in-deutschland\/\">&#8222;Rassistische Asylpolitik in Deutschland&#8220;<\/a><\/p>\n<p>11.05.2013 Stadtrundgang &#8222;Rassistische Normalit\u00e4t in Leipzig \u2013 eine Spurensuche&#8220;: <a href=\"https:\/\/www.rassismus-toetet-leipzig.org\/index.php\/rassistische-normalitat-in-leipzig-eine-spurensuche\/\">Artikel<\/a>, <a href=\"https:\/\/www.rassismus-toetet-leipzig.org\/index.php\/leipzigs-racist-normality-a-search-for-clues-citytour-on-11th-may\/\">Aufruf in verschiedenen Sprachen<\/a>, Presse: <a href=\"http:\/\/www.l-iz.de\/Politik\/Engagement\/2013\/05\/Antira-Kampagne-Stadtrundgang-soll-Rassismus-sichtbar-machen-48151.html\">L-IZ<\/a><\/p>\n<p>11.-18.05.2013 bundesweite Antirassistische Aktionstage: <a href=\"http:\/\/rassismus-toetet.de\/?page_id=2322\">Aufruf<\/a>, <a href=\"https:\/\/fckp3.dontexist.net\/blogs\/wordpress\/rassismus-toetet\/wordpress\/wp-content\/uploads\/2013\/04\/aktionstage_plakat_rassismus_t%C3%B6tet1.jpg\">Plakate<\/a>,\u00a0 <a href=\"http:\/\/rassismus-toetet.de\/?page_id=2333\">\u00dcbersicht \u00fcber bundesweite Aktionen<\/a>, <a href=\"https:\/\/fckp3.dontexist.net\/blogs\/wordpress\/rassismus-toetet\/wordpress\/index.php\/aktionstage-in-leipzig\/\">\u00dcbersicht \u00fcber Aktionen in Leipzig<\/a>, <a href=\"http:\/\/rassismus-toetet.de\/?p=2291\">Auswertung bundesweite Kampagne<\/a>, Presse: <a href=\"https:\/\/www.jungewelt.de\/loginFailed.php?ref=\/2013\/05-16\/024.php\">Junge Welt<\/a>, <a href=\"http:\/\/www.neues-deutschland.de\/artikel\/821289.solingen-war-kein-zufall.html\">Neues Deutschland<\/a><\/p>\n<p>10.05.2013 Artikel <a href=\"https:\/\/www.rassismus-toetet-leipzig.org\/index.php\/aktionstage-in-leipzig\/\">Antirassistische Aktionstage in Leipzig vom 11.5.-18.5. von \u201cRassismus t\u00f6tet!\u201d<\/a><\/p>\n<p>Mai 2013 <a href=\"http:\/\/issuu.com\/pogrom91\/docs\/rassismus_to_tet__zeitung\">Antirassistische Mobizeitung der Kampagne Rassismus t\u00f6tet!<\/a><\/p>\n<p>07.05.2013 Artikel <a href=\"https:\/\/www.rassismus-toetet-leipzig.org\/index.php\/mit-rassismus-totet-am-25-5-von-leipzig-nach-solingen\/\">Mit &#8222;Rassismus t\u00f6tet!&#8220; am 25.5. von Leipzig nach Solingen<\/a><\/p>\n<p>07.05.2013 <a href=\"https:\/\/fckp3.dontexist.net\/blogs\/wordpress\/rassismus-toetet\/wordpress\/index.php\/demo-27-10-2012\/redebeitrag_wahren_07-05-2013\/\">Redebeitrag<\/a> Kundgebung Wahren: <a href=\"https:\/\/www.rassismus-toetet-leipzig.org\/index.php\/kundgebung-in-wahren-zum-gedenken-an-bernd-g-und-gegen-homophobie-2\/\">Aufruf<\/a><\/p>\n<p>04.05.2013 <a href=\"https:\/\/fckp3.dontexist.net\/blogs\/wordpress\/rassismus-toetet\/wordpress\/wp-content\/uploads\/2012\/09\/Redebeitrag_Leipzig_04.05.2013.pdf\">Redebeitrag<\/a> Fahrrad-Demonstration im Leipziger Osten<\/p>\n<h3>April<\/h3>\n<p>29.04.2013 Podiumsdiskussion <a href=\"https:\/\/www.rassismus-toetet-leipzig.org\/index.php\/podiumsdiskussion-zu-perspektiven-antirassistischer-arbeit\/\">&#8222;Wie weiter mit antirassistischer Arbeit? Inhaltliche Analysen und praktische Konsequenzen&#8220;<\/a><\/p>\n<p>28.04.2013 Stadtrundgang <a href=\"https:\/\/www.rassismus-toetet-leipzig.org\/index.php\/stadtrundgang-auf-kolonialen-spuren-in-leipzig-know-your-colonial-history\/\">&#8222;Auf kolonialen Spuren in Leipzig: Know your colonial history!&#8220;<\/a> (Kooperation mit <a href=\"http:\/\/www.leipzig-postkolonial.de\/\">AG Postkolonial Leipzig<\/a>)<\/p>\n<p>19.04.2013 Vortrag &#8222;Rechte Morde&#8220; in F\u00fcrth<\/p>\n<h3>M\u00e4rz<\/h3>\n<p>27.03.2013 Artikel <a href=\"https:\/\/www.rassismus-toetet-leipzig.org\/index.php\/von-leipzig-nach-munchen\/\">&#8222;Von Leipzig nach M\u00fcnchen zur bundesweiten Demo vor dem NSU-Prozess&#8220;<\/a><\/p>\n<p>M\u00e4rz 2013 <a href=\"https:\/\/www.rassismus-toetet-leipzig.org\/index.php\/erwiderung-auf-den-redebeitrag-der-gruppe-the-future-is-unwritten-auf-der-demonstration-von-rassismus-totet-am-27-10-2012-in-leipzig\/\">Erwiderung auf den Redebeitrag der Gruppe &#8222;the future is unwritten&#8220;<\/a><\/p>\n<h3>Februar<\/h3>\n<p>19.02.2013 Artikel <a href=\"https:\/\/www.rassismus-toetet-leipzig.org\/index.php\/20-jahre-solinger-brandanschlag-20-jahre-abschaffung-des-grundrechts-auf-asyl\/\">&#8222;20 Jahre Solinger Brandanschlag &#8211; 20 Jahre Abschaffung des Grundrechts auf Asyl&#8220;<\/a><\/p>\n<p>10.02.2013 Lesung <a href=\"https:\/\/www.rassismus-toetet-leipzig.org\/index.php\/tuvia-tenenbom-liest-aus-allein-unter-deutschen-2\/\">Tuvia Tenenboom &#8222;Allein unter Deutschen&#8220;<\/a>, Presse: <a href=\"https:\/\/fckp3.dontexist.net\/blogs\/wordpress\/rassismus-toetet\/wordpress\/wp-content\/uploads\/2012\/09\/Tenenboom.pdf\">LVZ<\/a><\/p>\n<h3>Januar<\/h3>\n<p>26.01.2013 Demonstration Gegen jeden Sozialdarwinismus II: <a href=\"https:\/\/www.rassismus-toetet-leipzig.org\/index.php\/demo-gegen-jeden-sozialdarwinismus\/\">Aufruf,\u00a0<\/a><a href=\"https:\/\/www.rassismus-toetet-leipzig.org\/index.php\/urteil-im-fall-des-getoteten-andre-k-demo-am-samstag-26-1\/\">Artikel danach<\/a>, Presse: <a href=\"http:\/\/www.lvz-online.de\/leipzig\/citynews\/kritik-nach-urteil-zum-tod-eines-obdachlosen-in-oschatz--demonstration-in-leipzig\/r-citynews-a-171906.html\">LVZ<\/a><\/p>\n<p>23.01.2013 Film <a href=\"https:\/\/www.rassismus-toetet-leipzig.org\/index.php\/dokumentarfilm-revision-mit-anschliesender-diskussion-mit-dem-regisseur-philip-scheffner\/\">Revision<\/a> (Kooperation mit\u00a0Cin\u00e9math\u00e8que Leipzig)<\/p>\n<p>16.01.2013 Vortrag <a href=\"https:\/\/www.rassismus-toetet-leipzig.org\/index.php\/vortrag-fortress-europe-das-europaische-grenzregime-verandert-sich\/\">Fortress Europe<\/a> (Kooperation mit <a href=\"http:\/\/grenzenlos.antira.info\/\">Grenzenlos<\/a>)<\/p>\n<p>05.01.2013 Artikel <a href=\"https:\/\/www.rassismus-toetet-leipzig.org\/index.php\/demonstration-break-the-silence-gedenken-an-oury-jalloh\/\">&#8222;Demonstration &#8222;Break the Silence! Gedenken an Oury Jalloh&#8220; &#8222;<\/a><\/p>\n<p>&nbsp;<\/p>\n<h2>2012<\/h2>\n<h3>Dezember<\/h3>\n<p>20.12.2012 Vortrag\u00a0<a href=\"https:\/\/www.rassismus-toetet-leipzig.org\/index.php\/an-den-rand-gedrangt\/\">An den Rand gedr\u00e4ngt\u2026 Die allt\u00e4glichen Herausforderungen von Asylsuchenden im Landkreis Leipzig<\/a> (Kooperation mit <a href=\"http:\/\/www.boncourage.de\/\">Bon Courage<\/a>)<\/p>\n<p>13.12.2012 Vortrag <a href=\"https:\/\/www.rassismus-toetet-leipzig.org\/index.php\/unodinoi-einer-von-uns\/\">Unodinoi &#8211; einer von uns<\/a><\/p>\n<p>Dezember 2012 Text &#8222;<a href=\"https:\/\/www.rassismus-toetet-leipzig.org\/index.php\/leipzig-rassistisch-der-schmale-grat-zwischen-stimmungsmache-und-gewalt\/\">Leipzig rassistisch \u2013 Der schmale Grat zwischen Stimmungsmache und Gewalt.<\/a>&#8220; in der Brosch\u00fcre <a href=\"http:\/\/www.chronikle.org\/files\/chronik.LE%20-%20Leipziger%20Zust%C3%A4nde%202012%20-%20%28Web%29.pdf\">Leipziger Zust\u00e4nde<\/a><\/p>\n<h3>November<\/h3>\n<p>21.11.2012 Artikel <a href=\"https:\/\/www.rassismus-toetet-leipzig.org\/index.php\/ausstellung-gewalt-gegen-wohnungslose-menschen-im-nationalsozialismus-und-heute\/\">Ausstellung \u201cGewalt gegen wohnungslose Menschen im Nationalsozialismus und heute\u201d<\/a><\/p>\n<p>11.11.2012 Demonstration Gegen jeden Sozialdarwinismus I: <a href=\"https:\/\/www.rassismus-toetet-leipzig.org\/index.php\/gegen-jeden-sozialdarwinismus-demo-11-11-2012-in-leipzig\/\">Aufruf<\/a>, Presse: <a href=\"http:\/\/www.l-iz.de\/Politik\/Engagement\/2012\/11\/Gegen-Sozialdarwinismus-Leipziger-Kampagne-Demo-Leipzig-44795.html\">L-IZ<\/a> (vorher), <a href=\"http:\/\/www.l-iz.de\/Politik\/Engagement\/2012\/11\/50-Menschen-demonstrierten-gegen-Sozialdarwinismus-44849.html\">L-IZ<\/a> (hinterher)<\/p>\n<p>10.11.2012 <a href=\"https:\/\/fckp3.dontexist.net\/blogs\/wordpress\/rassismus-toetet\/wordpress\/wp-content\/uploads\/2012\/09\/Redebeitrag_Zwickau_10.11.2012.pdf\">Redebeitrag<\/a> Demonstration in Zwickau<\/p>\n<p>09.11.2012 Artikel <a href=\"https:\/\/www.rassismus-toetet-leipzig.org\/index.php\/spendenaufruf-des-raa-sachsen-e-v-und-des-jugend-kultur-und-umweltzentrums-e-werk-e-v\/\">Spendenaufruf des RAA Sachsen e.V. und des Jugend-, Kultur- und Umweltzentrums \u201eE-Werk\u201c e.V.<\/a><\/p>\n<p>06.11.2012 Film <a href=\"https:\/\/www.rassismus-toetet-leipzig.org\/index.php\/nach-dem-brand-dokumentation-zum-brandanschlag-in-molln-1992\/\">&#8222;Nach dem Brand&#8220;<\/a><\/p>\n<p>03.11.2012 <a href=\"https:\/\/fckp3.dontexist.net\/blogs\/wordpress\/rassismus-toetet\/wordpress\/wp-content\/uploads\/2012\/09\/Redebeitrag_Wei\u00dfenfels_03.11.2012.pdf\">Redebeitrag<\/a> Demonstration in Wei\u00dfenfels<\/p>\n<h3>Oktober<\/h3>\n<p>29.10.2012 <a href=\"https:\/\/www.rassismus-toetet-leipzig.org\/index.php\/resolution-des-initiativkreises-antirassismus-leipzig\/\">Resolution des Initiativkreis Antirassismus<\/a><\/p>\n<p>27.10.2012 bundesweite Demonstration &#8222;Never forgive, never forget! Remembering Means fighting. Solidarit\u00e4t mit den Betroffenen des rechten und rassistischen Normalzustandes!&#8220;: <a href=\"https:\/\/fckp3.dontexist.net\/blogs\/wordpress\/rassismus-toetet\/wordpress\/?p=1111\">Aufruf, <\/a><a href=\"https:\/\/www.rassismus-toetet-leipzig.org\/index.php\/kurzaufruf-in-verschiedenen-sprachen\/\">Kurzaufruf in verschiedenen Sprachen<\/a>, Plakate, <a href=\"https:\/\/www.rassismus-toetet-leipzig.org\/index.php\/mobi-video-rassismus-totet-demo-in-leipzig\/\">Mobivideo<\/a>, Jingle (<a href=\"https:\/\/www.rassismus-toetet-leipzig.org\/index.php\/jingle-und-banner-online\/\">youtube<\/a>, <a href=\"http:\/\/www.mixcloud.com\/rassismus_toetet\/rassismus-totet-demo-in-leipzig-27102012-mobi-jingle\/\">Mixcloud<\/a>), <a href=\"https:\/\/www.rassismus-toetet-leipzig.org\/index.php\/mobi-veranstaltungen-und-aktuelles-2\/\">Mobiveranstaltungen und Hintergr\u00fcnde<\/a>, <a href=\"http:\/\/www.youtube.com\/watch?v=fIFiFr72Z2U\">Mobilied<\/a> eines befreundeten Musikers, <a href=\"https:\/\/www.rassismus-toetet-leipzig.org\/index.php\/jingle-und-banner-online\/\">Banner<\/a>,\u00a0 <a href=\"https:\/\/www.rassismus-toetet-leipzig.org\/index.php\/pm-zur-demo\/\">Pressemitteilung<\/a>, Presse:<a href=\"http:\/\/www.l-iz.de\/Politik\/Nachrichten\/2012\/10\/Demonstration-am-Samstag-Verkehrseinschraenkungen.html\"> L-IZ<\/a> (davor), <a href=\"http:\/\/www.l-iz.de\/Politik\/Leipzig\/2012\/10\/Wo-wart-ihr-in-Rostock-1.200-Menschen-demonstrierten.html\">L-IZ<\/a> (danach), <a href=\"http:\/\/www.lvz-online.de\/leipzig\/citynews\/antirassistische-demonstration-am-freitag-in-leipzig-gedenken-an-ermordeten-kamal-k\/r-citynews-a-159967.html\">LVZ<\/a> (davor), <a href=\"http:\/\/www.lvz-online.de\/leipzig\/citynews\/leipziger-gedenken-ermordung-von-kamal-k-demonstration-mit-1500-teilnehmern\/r-citynews-a-160315.html\">LVZ<\/a> (28.10.) <a href=\"https:\/\/fckp3.dontexist.net\/blogs\/wordpress\/rassismus-toetet\/wordpress\/wp-content\/uploads\/2012\/09\/LVZ_29.10.2012.pdf\">LVZ<\/a> (29.10.)<\/p>\n<p>20.10.2012 <a href=\"https:\/\/fckp3.dontexist.net\/blogs\/wordpress\/rassismus-toetet\/wordpress\/?p=443\">Basteltag f\u00fcr die Demonstration am 27.10.<\/a><\/p>\n<p>18.10.2012 <a href=\"https:\/\/www.rassismus-toetet-leipzig.org\/index.php\/1900-uhr-leipzig-interkulturelles-konversationscafe-emilienstr-17-szenische-lesung-zu-alltagsrassismus\/\">Szenische Lesung zu Alltagsrassismus<\/a> (Kooperation mit dem Antidiskriminierungsb\u00fcro)<\/p>\n<p>17.10.2012 Artikel\u00a0 <a href=\"https:\/\/www.rassismus-toetet-leipzig.org\/index.php\/spenden-fur-einen-ersten-gedenkort-fur-opfer-rechter-gewalt-in-leipzig\/\">&#8222;Spenden f\u00fcr einen ersten Gedenkort f\u00fcr Opfer rechter Gewalt in Leipzig&#8220;<\/a><\/p>\n<p>16.10.2012 Vortrag <a href=\"https:\/\/www.rassismus-toetet-leipzig.org\/index.php\/1900-uhr-universitat-leipzig-hs-17-im-horsaalgebaude-universitatsstrase-1-todliche-realitaten-dimensionen-rechts-und-rassistischer-motivierter-gewalt\/\">&#8222;T\u00f6dliche Realit\u00e4ten. Dimensionen rechts und rassistisch motivierter Gewalt&#8220;<\/a><\/p>\n<p>13.10.2012 Film <a href=\"https:\/\/www.rassismus-toetet-leipzig.org\/index.php\/1900-uhr-schuppen-stockartstrase-propaganda-hass-mord-die-geschichte-des-rechten-terrors\/\">&#8222;Propaganda, Hass, Mord \u2013 Die Geschichte des rechten Terrors&#8220;<\/a> (<a href=\"https:\/\/fckp3.dontexist.net\/blogs\/wordpress\/rassismus-toetet\/wordpress\/?p=476\">ausgefallen aufgrund einer Polizeirazzia<\/a>)<\/p>\n<p>12.10.2012 <a href=\"https:\/\/www.rassismus-toetet-leipzig.org\/index.php\/veranstaltungsreihe-im-oktober\/\">Mobi-Veranstaltung f\u00fcr die Demonstration am 27.10.<\/a> (<a href=\"https:\/\/www.rassismus-toetet-leipzig.org\/index.php\/le-mobiveranstaltung-wegen-razzia-ausgefallen\/\">ausgefallen aufgrund einer Polizeirazzia<\/a>)<\/p>\n<h3>September<\/h3>\n<p>16.09.2012 Artikel <a href=\"https:\/\/www.rassismus-toetet-leipzig.org\/index.php\/kinostart-revision\/\">Kinostart &#8222;Revision&#8220;<\/a><\/p>\n<p>16.09.2012 Artikel <a href=\"https:\/\/www.rassismus-toetet-leipzig.org\/index.php\/am-22-9-nach-hoyerswerda-gegen-rassistische-zustande\/\">Am 22.9. nach Hoyerswerda: Gegen rassistische Zust\u00e4nde! <\/a><\/p>\n<p>11.09.2012 Vortrag <a href=\"https:\/\/www.rassismus-toetet-leipzig.org\/index.php\/veranstaltung-shice-auf-die-szene-neonazis-im-hiphop\/\">&#8222;Shice auf die Szene? Neonazis im HipHop&#8220;<\/a><\/p>\n<p>06.09.2012 Vortrag <a href=\"https:\/\/www.rassismus-toetet-leipzig.org\/index.php\/motiv-penner-klatschen-uber-obdachlosen-feindlichkeit\/\">&#8222;Motiv: Penner klatschen&#8220;<\/a><\/p>\n<p>03.09.2012 Artikel <a href=\"https:\/\/www.rassismus-toetet-leipzig.org\/index.php\/keine-ruhe-fur-hoyerswerda\/\">Keine Ruhe f\u00fcr Hoyerswerda!<\/a><\/p>\n<p>03.09.2012 Artikel <a href=\"https:\/\/www.rassismus-toetet-leipzig.org\/index.php\/alltagsrassismus-und-rechtsdurchsetzung\/\">Alltagsrassismus und Rechtsdurchsetzung<\/a><\/p>\n<p>03.09.2012 Vortrag <a href=\"https:\/\/www.rassismus-toetet-leipzig.org\/index.php\/loeschen-teil2\/\">&#8222;Viele habe ich erkannt + &#8222;Das Hoyerswerda-Syndrom&#8220;<\/a><\/p>\n<h3>August<\/h3>\n<p>25.08.2012 <a href=\"https:\/\/www.rassismus-toetet-leipzig.org\/index.php\/25-august-2012-bundesweite-demonstratin-in-rostock\/\">bundesweite Demonstration in Rostock-Lichtenhagen<\/a><\/p>\n<p>21.08.2012 Vortrag <a href=\"https:\/\/www.rassismus-toetet-leipzig.org\/index.php\/veranstaltung-zu-rostock-lichtenhagen\/\">&#8222;Rostock-Lichtenhagen&#8220; <\/a><\/p>\n<p>13.08.2012 Artikel <a href=\"https:\/\/www.rassismus-toetet-leipzig.org\/index.php\/hinweis-auf-eine-veranstaltung\/\">&#8222;Hinweis auf Veranstaltung: Pogrom Reloaded?&#8220;<\/a><\/p>\n<p>13.08.2012 Artikel <a href=\"https:\/\/www.rassismus-toetet-leipzig.org\/index.php\/anreise-nach-rostock\/\">&#8222;Anreise nach Rostock zur Demonstration&#8220;<\/a><\/p>\n<p>09.08.2012 Film <a href=\"https:\/\/www.rassismus-toetet-leipzig.org\/index.php\/thetruthliesinrostock\/\">&#8222;The truth lies in Rostock&#8220;<\/a><\/p>\n<h3>Juli<\/h3>\n<p>11.07.2012 Film <a href=\"https:\/\/www.rassismus-toetet-leipzig.org\/index.php\/rostockkeinzufall\/\">&#8222;Rostock- kein Zufall!&#8220;<\/a><\/p>\n<p>06.07.2012 Artikel <a href=\"https:\/\/www.rassismus-toetet-leipzig.org\/index.php\/videos-von-unserer-kundgebung-und-neues-von-der-filmreihe\/\">&#8222;Videos von unserer Kundgebung&#8220;<\/a><\/p>\n<h3>Juni<\/h3>\n<p>28.06.2012 Artikel <a href=\"https:\/\/www.rassismus-toetet-leipzig.org\/index.php\/dritter-test\/\">&#8222;Leipzig: Kundgebung &#8222;Rassismus t\u00f6tet!&#8220; &#8222;<\/a><\/p>\n<p>28.06.2012 Artikel <a href=\"https:\/\/www.rassismus-toetet-leipzig.org\/index.php\/filmreihezurkampagne\/\">&#8222;Rassismus t\u00f6tet&#8220; Filmreihe in Leipzig&#8220;<\/a><\/p>\n<p>Juni 2012 <a href=\"https:\/\/www.rassismus-toetet-leipzig.org\/index.php\/bundesweiter-kampagnen-aufruf\/\">bundesweiter Kampagnenaufruf<\/a><\/p>\n<p>13.06.2012 Kundgebung <a href=\"https:\/\/www.rassismus-toetet-leipzig.org\/index.php\/rassismustoetet\/\">&#8222;Rassismus t\u00f6tet \u2013 In Gedenken an Nuno Louren\u00e7o&#8220;<\/a><\/p>\n","protected":false},"excerpt":{"rendered":"<p>2025 Oktober Gedenken: Kamal Kilade Gedenken: Achmed Bachir Lesung: Thomas Billstein \u201cKein vergessen \u2013 Todesopfer rechter Gewalt in Deutschland nach 1945\u201d September Vortrag: Obdachlosenhass und Sozialdarwinismus August Aufruf: Gedenken erk\u00e4mpfen \u2013 autonom, antifaschistisch! &#8211; Ten more Years of Anger and Sorrow April Pressemitteilung: Kritik an Streichung des rechten Mordes in Aue durch das Innenministerium Sachsen [&hellip;]<\/p>\n","protected":false},"author":2,"featured_media":0,"parent":0,"menu_order":6,"comment_status":"closed","ping_status":"closed","template":"","meta":{"footnotes":""},"class_list":["post-389","page","type-page","status-publish","hentry"],"_links":{"self":[{"href":"https:\/\/www.rassismus-toetet-leipzig.org\/index.php\/wp-json\/wp\/v2\/pages\/389","targetHints":{"allow":["GET"]}}],"collection":[{"href":"https:\/\/www.rassismus-toetet-leipzig.org\/index.php\/wp-json\/wp\/v2\/pages"}],"about":[{"href":"https:\/\/www.rassismus-toetet-leipzig.org\/index.php\/wp-json\/wp\/v2\/types\/page"}],"author":[{"embeddable":true,"href":"https:\/\/www.rassismus-toetet-leipzig.org\/index.php\/wp-json\/wp\/v2\/users\/2"}],"replies":[{"embeddable":true,"href":"https:\/\/www.rassismus-toetet-leipzig.org\/index.php\/wp-json\/wp\/v2\/comments?post=389"}],"version-history":[{"count":87,"href":"https:\/\/www.rassismus-toetet-leipzig.org\/index.php\/wp-json\/wp\/v2\/pages\/389\/revisions"}],"predecessor-version":[{"id":2827,"href":"https:\/\/www.rassismus-toetet-leipzig.org\/index.php\/wp-json\/wp\/v2\/pages\/389\/revisions\/2827"}],"wp:attachment":[{"href":"https:\/\/www.rassismus-toetet-leipzig.org\/index.php\/wp-json\/wp\/v2\/media?parent=389"}],"curies":[{"name":"wp","href":"https:\/\/api.w.org\/{rel}","templated":true}]}}